{"id":3050,"date":"2022-04-26T17:03:22","date_gmt":"2022-04-26T16:03:22","guid":{"rendered":"https:\/\/www.aberconwy.conwy.sch.uk\/?page_id=3050"},"modified":"2026-04-16T17:48:27","modified_gmt":"2026-04-16T16:48:27","slug":"year-6-transition","status":"publish","type":"page","link":"https:\/\/www.aberconwy.conwy.sch.uk\/cy\/year-6-transition\/","title":{"rendered":"Pontio Blwyddyn 6"},"content":{"rendered":"<p><strong>Croeso i dudalen Pontio Ysgol Aberconwy a sefydlwyd yn arbennig ar gyfer Blwyddyn 6! <\/strong><br><strong>Mae\u2019r diagram isod yn dangos sut rydym yn cynllunio ac yn paratoi ar gyfer y broses bontio drwy gydol y flwyddyn.<\/strong><\/p>\n\n\n<div class=\"wp-block-image\">\n<figure class=\"aligncenter size-large\"><img loading=\"lazy\" decoding=\"async\" width=\"1024\" height=\"576\" src=\"https:\/\/www.aberconwy.conwy.sch.uk\/wp-content\/uploads\/2023\/03\/Cymraeg-Trosglwyddo-Ysgol-Aberconwy-Transition-2023.jpg\" alt=\"\" class=\"wp-image-5608\" srcset=\"https:\/\/www.aberconwy.conwy.sch.uk\/wp-content\/uploads\/2023\/03\/Cymraeg-Trosglwyddo-Ysgol-Aberconwy-Transition-2023.jpg 1920w, https:\/\/www.aberconwy.conwy.sch.uk\/wp-content\/uploads\/2023\/03\/Cymraeg-Trosglwyddo-Ysgol-Aberconwy-Transition-2023-300x169.jpg 300w, https:\/\/www.aberconwy.conwy.sch.uk\/wp-content\/uploads\/2023\/03\/Cymraeg-Trosglwyddo-Ysgol-Aberconwy-Transition-2023-1024x576.jpg 1024w, https:\/\/www.aberconwy.conwy.sch.uk\/wp-content\/uploads\/2023\/03\/Cymraeg-Trosglwyddo-Ysgol-Aberconwy-Transition-2023-768x432.jpg 768w, https:\/\/www.aberconwy.conwy.sch.uk\/wp-content\/uploads\/2023\/03\/Cymraeg-Trosglwyddo-Ysgol-Aberconwy-Transition-2023-1536x864.jpg 1536w, https:\/\/www.aberconwy.conwy.sch.uk\/wp-content\/uploads\/2023\/03\/Cymraeg-Trosglwyddo-Ysgol-Aberconwy-Transition-2023-18x10.jpg 18w\" sizes=\"auto, (max-width: 1024px) 100vw, 1024px\" \/><\/figure>\n<\/div>\n\n\n<p><strong>Cymerwch olwg hefyd ar y wybodaeth isod gan ei bod yn cynnwys llawer o fanylion defnyddiol am y broses bontio a'r ysgol:<\/strong><\/p>\n\n\n<div class=\"wp-block-ub-content-toggle wp-block-ub-content-toggle-block\" id=\"ub-content-toggle-block-6d3108a9-4159-4cc7-a193-918a9e786e6d\" data-mobilecollapse=\"false\" data-desktopcollapse=\"true\" data-preventcollapse=\"false\" data-showonlyone=\"true\">\n<div class=\"wp-block-ub-content-toggle-accordion\" style=\"border-color: #f1f1f1; \" id=\"ub-content-toggle-panel-block-f7121381-6074-4e3f-b0a5-68a483b0cb7d\">\n\t\t\t<div class=\"wp-block-ub-content-toggle-accordion-title-wrap\" style=\"background-color: #f1f1f1;\" aria-controls=\"ub-content-toggle-panel-0-6d3108a9-4159-4cc7-a193-918a9e786e6d\" tabindex=\"0\">\n\t\t\t<p class=\"wp-block-ub-content-toggle-accordion-title ub-content-toggle-title-6d3108a9-4159-4cc7-a193-918a9e786e6d\" style=\"color: #000000; \">Neges Croeso<\/p>\n\t\t\t<div class=\"wp-block-ub-content-toggle-accordion-toggle-wrap right\" style=\"color: #000000;\"><span class=\"wp-block-ub-content-toggle-accordion-state-indicator wp-block-ub-chevron-down\"><\/span><\/div>\n\t\t<\/div>\n\t\t\t<div role=\"region\" aria-expanded=\"false\" class=\"wp-block-ub-content-toggle-accordion-content-wrap ub-hide\" id=\"ub-content-toggle-panel-0-6d3108a9-4159-4cc7-a193-918a9e786e6d\">\n\n<p class=\"has-text-align-center\">Croeso i&#039;r dudalen hon, lle gobeithiwn y cewch atebion i&#039;ch holl gwestiynau am y broses bontio o ysgol gynradd eich plentyn i ni yma yn Ysgol Aberconwy. Rydym wrth ein bodd eich bod wedi ein dewis ni ar gyfer eich plentyn ac rydym yn awyddus i weithio gyda chi i sicrhau y gallant ymgartrefu\u2019n gyflym ac yn hapus dros y misoedd nesaf.\u00a0 <\/p>\n\n\n\n<p class=\"has-text-align-center\">Credwn yn gryf mai\u2019r allwedd i bontio effeithiol yw cyfathrebu da \u2013 felly fel y gwelwch o\u2019r wybodaeth ar y dudalen hon, mae nifer o gyfleoedd i chi a\u2019ch plentyn gwrdd ag amrywiol aelodau staff a myfyrwyr, a siarad \u00e2 nhw, gofyn cwestiynau iddynt a pharatoi ar gyfer dechrau blwyddyn 7.\u00a0\u00a0 <\/p>\n\n\n\n<p class=\"has-text-align-center\">Byddwch hefyd yn darganfod bod y rhain yn dod i ben gydag wythnos lawn o weithgareddau pontio tua diwedd mis Mehefin, pan fydd eich plentyn yn cael y cyfle i ddarganfod ei ffordd o gwmpas, gwneud ffrindiau newydd a dod i adnabod staff allweddol.<\/p>\n\n\n\n<p class=\"has-text-align-center\">Mae ein profiad yn awgrymu erbyn diwedd yr wythnos fod y rhan fwyaf o blant yn ddigon hyderus yn eu hamgylchedd newydd i fwynhau&#039;r haf heb boeni nac ofid. Mae cyfle hefyd i chi, fel rhieni, ddod i&#039;r ysgol hefyd i weld sut maen nhw&#039;n dod ymlaen!<\/p>\n\n\n\n<p class=\"has-text-align-center\">Trwy\u2019r digwyddiadau a\u2019r cysylltiadau hyn, rydym yn gobeithio y byddwch yn dod o hyd i bopeth sydd ei angen arnoch \u2013 ond os oes gennych unrhyw gwestiynau o gwbl, neu os oes gennych bethau yr hoffech eu trafod, cysylltwch \u00e2 ni drwy e-bost yn\u00a0<a rel=\"noreferrer noopener\" href=\"mailto:year6questions@aberconwy.conwy.sch.uk\" target=\"_blank\">year6questions@aberconwy.conwy.sch.uk<\/a>\u00a0a byddwn yn cysylltu \u00e2 chi cyn gynted ag y gallwn.<\/p>\n\n<\/div>\n\t\t<\/div>\n\n<div class=\"wp-block-ub-content-toggle-accordion\" style=\"border-color: #f1f1f1; \" id=\"ub-content-toggle-panel-block-c13368ff-533f-467b-804b-52a3f142a4ba\">\n\t\t\t<div class=\"wp-block-ub-content-toggle-accordion-title-wrap\" style=\"background-color: #f1f1f1;\" aria-controls=\"ub-content-toggle-panel-1-6d3108a9-4159-4cc7-a193-918a9e786e6d\" tabindex=\"0\">\n\t\t\t<p class=\"wp-block-ub-content-toggle-accordion-title ub-content-toggle-title-6d3108a9-4159-4cc7-a193-918a9e786e6d\" style=\"color: #000000; \">Dyddiadau Pontio Pwysig<\/p>\n\t\t\t<div class=\"wp-block-ub-content-toggle-accordion-toggle-wrap right\" style=\"color: #000000;\"><span class=\"wp-block-ub-content-toggle-accordion-state-indicator wp-block-ub-chevron-down\"><\/span><\/div>\n\t\t<\/div>\n\t\t\t<div role=\"region\" aria-expanded=\"false\" class=\"wp-block-ub-content-toggle-accordion-content-wrap ub-hide\" id=\"ub-content-toggle-panel-1-6d3108a9-4159-4cc7-a193-918a9e786e6d\">\n\n<p>Isod, fe welwch rai dyddiadau defnyddiol yn ymwneud \u00e2\u2019n rhaglenni pontio:<\/p>\n\n\n\n<ul class=\"wp-block-list\">\n<li>Wythnos y Pontio \u2013 30 Mehefin \u2013 3 Gorffennaf 2026<\/li>\n\n\n\n<li>Glan-Llyn \u2013 Hydref 7-9 2026<\/li>\n<\/ul>\n\n<\/div>\n\t\t<\/div>\n\n<div class=\"wp-block-ub-content-toggle-accordion\" style=\"border-color: #f1f1f1; \" id=\"ub-content-toggle-panel-block-acffc6ad-3d0f-45b5-81d5-037d791a213f\">\n\t\t\t<div class=\"wp-block-ub-content-toggle-accordion-title-wrap\" style=\"background-color: #f1f1f1;\" aria-controls=\"ub-content-toggle-panel-2-6d3108a9-4159-4cc7-a193-918a9e786e6d\" tabindex=\"0\">\n\t\t\t<p class=\"wp-block-ub-content-toggle-accordion-title ub-content-toggle-title-6d3108a9-4159-4cc7-a193-918a9e786e6d\" style=\"color: #000000; \">Cyflwyniad i&#039;r Ysgol<\/p>\n\t\t\t<div class=\"wp-block-ub-content-toggle-accordion-toggle-wrap right\" style=\"color: #000000;\"><span class=\"wp-block-ub-content-toggle-accordion-state-indicator wp-block-ub-chevron-down\"><\/span><\/div>\n\t\t<\/div>\n\t\t\t<div role=\"region\" aria-expanded=\"false\" class=\"wp-block-ub-content-toggle-accordion-content-wrap ub-hide\" id=\"ub-content-toggle-panel-2-6d3108a9-4159-4cc7-a193-918a9e786e6d\">\n\n<p>Porwch trwy ein fideos isod i weld gwahanol ardaloedd o'r ysgol yn ogystal \u00e2 rhywfaint o wybodaeth ddefnyddiol yn ymwneud \u00e2 meysydd allweddol:<\/p>\n\n\n<div class=\"wp-block-ub-content-toggle wp-block-ub-content-toggle-block\" id=\"ub-content-toggle-block-44a5f72a-8ac1-4697-a560-c5a39ed449df\" data-mobilecollapse=\"false\" data-desktopcollapse=\"false\" data-preventcollapse=\"false\" data-showonlyone=\"true\">\n<div class=\"wp-block-ub-content-toggle-accordion\" style=\"border-color: #e7f5fb; \" id=\"ub-content-toggle-panel-block-\">\n\t\t\t<div class=\"wp-block-ub-content-toggle-accordion-title-wrap\" style=\"background-color: #e7f5fb;\" aria-controls=\"ub-content-toggle-panel-0-44a5f72a-8ac1-4697-a560-c5a39ed449df\" tabindex=\"0\">\n\t\t\t<p class=\"wp-block-ub-content-toggle-accordion-title ub-content-toggle-title-44a5f72a-8ac1-4697-a560-c5a39ed449df\" style=\"color: #000000; \">Cyflwyniad a thaith gyda Mr Gerrard, Pennaeth<\/p>\n\t\t\t<div class=\"wp-block-ub-content-toggle-accordion-toggle-wrap right\" style=\"color: #000000;\"><span class=\"wp-block-ub-content-toggle-accordion-state-indicator wp-block-ub-chevron-down open\"><\/span><\/div>\n\t\t<\/div>\n\t\t\t<div role=\"region\" aria-expanded=\"true\" class=\"wp-block-ub-content-toggle-accordion-content-wrap\" id=\"ub-content-toggle-panel-0-44a5f72a-8ac1-4697-a560-c5a39ed449df\">\n\n<figure class=\"wp-block-embed is-type-video is-provider-vimeo wp-block-embed-vimeo wp-embed-aspect-16-9 wp-has-aspect-ratio\"><div class=\"wp-block-embed__wrapper\">\n<iframe loading=\"lazy\" title=\"fideo croeso\" src=\"https:\/\/player.vimeo.com\/video\/560608998?dnt=1&amp;app_id=122963\" width=\"500\" height=\"281\" frameborder=\"0\" allow=\"autoplay; fullscreen; picture-in-picture; clipboard-write; encrypted-media; web-share\" referrerpolicy=\"strict-origin-when-cross-origin\"><\/iframe>\n<\/div><\/figure>\n\n<\/div>\n\t\t<\/div>\n\n<div class=\"wp-block-ub-content-toggle-accordion\" style=\"border-color: #e7f5fb; \" id=\"ub-content-toggle-panel-block-\">\n\t\t\t<div class=\"wp-block-ub-content-toggle-accordion-title-wrap\" style=\"background-color: #e7f5fb;\" aria-controls=\"ub-content-toggle-panel-1-44a5f72a-8ac1-4697-a560-c5a39ed449df\" tabindex=\"0\">\n\t\t\t<p class=\"wp-block-ub-content-toggle-accordion-title ub-content-toggle-title-44a5f72a-8ac1-4697-a560-c5a39ed449df\" style=\"color: #000000; \">Gan ddefnyddio'ch \u00f4l bys\u2026.<\/p>\n\t\t\t<div class=\"wp-block-ub-content-toggle-accordion-toggle-wrap right\" style=\"color: #000000;\"><span class=\"wp-block-ub-content-toggle-accordion-state-indicator wp-block-ub-chevron-down\"><\/span><\/div>\n\t\t<\/div>\n\t\t\t<div role=\"region\" aria-expanded=\"false\" class=\"wp-block-ub-content-toggle-accordion-content-wrap ub-hide\" id=\"ub-content-toggle-panel-1-44a5f72a-8ac1-4697-a560-c5a39ed449df\">\n\n<figure class=\"wp-block-embed is-type-video is-provider-vimeo wp-block-embed-vimeo wp-embed-aspect-16-9 wp-has-aspect-ratio\"><div class=\"wp-block-embed__wrapper\">\n<iframe loading=\"lazy\" title=\"Rhoi arian parod yn eich cyfrif\" src=\"https:\/\/player.vimeo.com\/video\/555775846?dnt=1&amp;app_id=122963\" width=\"500\" height=\"281\" frameborder=\"0\" allow=\"autoplay; fullscreen; picture-in-picture; clipboard-write; encrypted-media; web-share\" referrerpolicy=\"strict-origin-when-cross-origin\"><\/iframe>\n<\/div><\/figure>\n\n\n\n<figure class=\"wp-block-embed is-type-video is-provider-vimeo wp-block-embed-vimeo wp-embed-aspect-16-9 wp-has-aspect-ratio\"><div class=\"wp-block-embed__wrapper\">\n<iframe loading=\"lazy\" title=\"Talu gyda nodiadau neu sieciau\" src=\"https:\/\/player.vimeo.com\/video\/555775024?dnt=1&amp;app_id=122963\" width=\"500\" height=\"281\" frameborder=\"0\" allow=\"autoplay; fullscreen; picture-in-picture; clipboard-write; encrypted-media; web-share\" referrerpolicy=\"strict-origin-when-cross-origin\"><\/iframe>\n<\/div><\/figure>\n\n\n\n<figure class=\"wp-block-embed is-type-video is-provider-vimeo wp-block-embed-vimeo wp-embed-aspect-16-9 wp-has-aspect-ratio\"><div class=\"wp-block-embed__wrapper\">\n<iframe loading=\"lazy\" title=\"Talu gyda&#039;ch bys\" src=\"https:\/\/player.vimeo.com\/video\/555775065?dnt=1&amp;app_id=122963\" width=\"500\" height=\"281\" frameborder=\"0\" allow=\"autoplay; fullscreen; picture-in-picture; clipboard-write; encrypted-media; web-share\" referrerpolicy=\"strict-origin-when-cross-origin\"><\/iframe>\n<\/div><\/figure>\n\n<\/div>\n\t\t<\/div>\n\n<div class=\"wp-block-ub-content-toggle-accordion\" style=\"border-color: #e7f5fb; \" id=\"ub-content-toggle-panel-block-\">\n\t\t\t<div class=\"wp-block-ub-content-toggle-accordion-title-wrap\" style=\"background-color: #e7f5fb;\" aria-controls=\"ub-content-toggle-panel-2-44a5f72a-8ac1-4697-a560-c5a39ed449df\" tabindex=\"0\">\n\t\t\t<p class=\"wp-block-ub-content-toggle-accordion-title ub-content-toggle-title-44a5f72a-8ac1-4697-a560-c5a39ed449df\" style=\"color: #000000; \">Y Copa (Y Llyfrgell)<\/p>\n\t\t\t<div class=\"wp-block-ub-content-toggle-accordion-toggle-wrap right\" style=\"color: #000000;\"><span class=\"wp-block-ub-content-toggle-accordion-state-indicator wp-block-ub-chevron-down\"><\/span><\/div>\n\t\t<\/div>\n\t\t\t<div role=\"region\" aria-expanded=\"false\" class=\"wp-block-ub-content-toggle-accordion-content-wrap ub-hide\" id=\"ub-content-toggle-panel-2-44a5f72a-8ac1-4697-a560-c5a39ed449df\">\n\n<figure class=\"wp-block-embed is-type-video is-provider-vimeo wp-block-embed-vimeo wp-embed-aspect-16-9 wp-has-aspect-ratio\"><div class=\"wp-block-embed__wrapper\">\n<iframe loading=\"lazy\" title=\"Llyfrgell\" src=\"https:\/\/player.vimeo.com\/video\/555775246?dnt=1&amp;app_id=122963\" width=\"500\" height=\"281\" frameborder=\"0\" allow=\"autoplay; fullscreen; picture-in-picture; clipboard-write; encrypted-media; web-share\" referrerpolicy=\"strict-origin-when-cross-origin\"><\/iframe>\n<\/div><\/figure>\n\n\n\n<figure class=\"wp-block-embed is-type-video is-provider-vimeo wp-block-embed-vimeo wp-embed-aspect-16-9 wp-has-aspect-ratio\"><div class=\"wp-block-embed__wrapper\">\n<iframe loading=\"lazy\" title=\"Rhaglen Darllenydd Carlam\" src=\"https:\/\/player.vimeo.com\/video\/555773644?dnt=1&amp;app_id=122963\" width=\"500\" height=\"281\" frameborder=\"0\" allow=\"autoplay; fullscreen; picture-in-picture; clipboard-write; encrypted-media; web-share\" referrerpolicy=\"strict-origin-when-cross-origin\"><\/iframe>\n<\/div><\/figure>\n\n<\/div>\n\t\t<\/div>\n\n<div class=\"wp-block-ub-content-toggle-accordion\" style=\"border-color: #e7f5fb; \" id=\"ub-content-toggle-panel-block-\">\n\t\t\t<div class=\"wp-block-ub-content-toggle-accordion-title-wrap\" style=\"background-color: #e7f5fb;\" aria-controls=\"ub-content-toggle-panel-3-44a5f72a-8ac1-4697-a560-c5a39ed449df\" tabindex=\"0\">\n\t\t\t<p class=\"wp-block-ub-content-toggle-accordion-title ub-content-toggle-title-44a5f72a-8ac1-4697-a560-c5a39ed449df\" style=\"color: #000000; \">Y Sgw\u00e2r (Yr Iard)<\/p>\n\t\t\t<div class=\"wp-block-ub-content-toggle-accordion-toggle-wrap right\" style=\"color: #000000;\"><span class=\"wp-block-ub-content-toggle-accordion-state-indicator wp-block-ub-chevron-down\"><\/span><\/div>\n\t\t<\/div>\n\t\t\t<div role=\"region\" aria-expanded=\"false\" class=\"wp-block-ub-content-toggle-accordion-content-wrap ub-hide\" id=\"ub-content-toggle-panel-3-44a5f72a-8ac1-4697-a560-c5a39ed449df\">\n\n<figure class=\"wp-block-embed is-type-video is-provider-vimeo wp-block-embed-vimeo wp-embed-aspect-16-9 wp-has-aspect-ratio\"><div class=\"wp-block-embed__wrapper\">\n<iframe loading=\"lazy\" title=\"Iard\" src=\"https:\/\/player.vimeo.com\/video\/555773998?dnt=1&amp;app_id=122963\" width=\"500\" height=\"281\" frameborder=\"0\" allow=\"autoplay; fullscreen; picture-in-picture; clipboard-write; encrypted-media; web-share\" referrerpolicy=\"strict-origin-when-cross-origin\"><\/iframe>\n<\/div><\/figure>\n\n<\/div>\n\t\t<\/div>\n\n<div class=\"wp-block-ub-content-toggle-accordion\" style=\"border-color: #e7f5fb; \" id=\"ub-content-toggle-panel-block-\">\n\t\t\t<div class=\"wp-block-ub-content-toggle-accordion-title-wrap\" style=\"background-color: #e7f5fb;\" aria-controls=\"ub-content-toggle-panel-4-44a5f72a-8ac1-4697-a560-c5a39ed449df\" tabindex=\"0\">\n\t\t\t<p class=\"wp-block-ub-content-toggle-accordion-title ub-content-toggle-title-44a5f72a-8ac1-4697-a560-c5a39ed449df\" style=\"color: #000000; \">Dod o hyd i&#039;ch ffordd i\u2026.<\/p>\n\t\t\t<div class=\"wp-block-ub-content-toggle-accordion-toggle-wrap right\" style=\"color: #000000;\"><span class=\"wp-block-ub-content-toggle-accordion-state-indicator wp-block-ub-chevron-down\"><\/span><\/div>\n\t\t<\/div>\n\t\t\t<div role=\"region\" aria-expanded=\"false\" class=\"wp-block-ub-content-toggle-accordion-content-wrap ub-hide\" id=\"ub-content-toggle-panel-4-44a5f72a-8ac1-4697-a560-c5a39ed449df\">\n\n<figure class=\"wp-block-embed is-type-video is-provider-vimeo wp-block-embed-vimeo wp-embed-aspect-16-9 wp-has-aspect-ratio\"><div class=\"wp-block-embed__wrapper\">\n<iframe loading=\"lazy\" title=\"Dod o hyd i&#039;r neuadd ymgynnull\" src=\"https:\/\/player.vimeo.com\/video\/555774894?dnt=1&amp;app_id=122963\" width=\"500\" height=\"281\" frameborder=\"0\" allow=\"autoplay; fullscreen; picture-in-picture; clipboard-write; encrypted-media; web-share\" referrerpolicy=\"strict-origin-when-cross-origin\"><\/iframe>\n<\/div><\/figure>\n\n\n\n<figure class=\"wp-block-embed is-type-video is-provider-vimeo wp-block-embed-vimeo wp-embed-aspect-4-3 wp-has-aspect-ratio\"><div class=\"wp-block-embed__wrapper\">\n<iframe loading=\"lazy\" title=\"Iard i&#039;r Ffreutur\" src=\"https:\/\/player.vimeo.com\/video\/555774725?dnt=1&amp;app_id=122963\" width=\"500\" height=\"375\" frameborder=\"0\" allow=\"autoplay; fullscreen; picture-in-picture; clipboard-write; encrypted-media; web-share\" referrerpolicy=\"strict-origin-when-cross-origin\"><\/iframe>\n<\/div><\/figure>\n\n\n\n<figure class=\"wp-block-embed is-type-video is-provider-vimeo wp-block-embed-vimeo wp-embed-aspect-16-9 wp-has-aspect-ratio\"><div class=\"wp-block-embed__wrapper\">\n<iframe loading=\"lazy\" title=\"Iard i&#039;r toiledau a&#039;r porth\" src=\"https:\/\/player.vimeo.com\/video\/555774202?dnt=1&amp;app_id=122963\" width=\"500\" height=\"281\" frameborder=\"0\" allow=\"autoplay; fullscreen; picture-in-picture; clipboard-write; encrypted-media; web-share\" referrerpolicy=\"strict-origin-when-cross-origin\"><\/iframe>\n<\/div><\/figure>\n\n\n\n<figure class=\"wp-block-embed is-type-video is-provider-vimeo wp-block-embed-vimeo wp-embed-aspect-4-3 wp-has-aspect-ratio\"><div class=\"wp-block-embed__wrapper\">\n<iframe loading=\"lazy\" title=\"Iard i&#039;r stiwdio ddrama a&#039;r neuadd\" src=\"https:\/\/player.vimeo.com\/video\/555774523?dnt=1&amp;app_id=122963\" width=\"500\" height=\"375\" frameborder=\"0\" allow=\"autoplay; fullscreen; picture-in-picture; clipboard-write; encrypted-media; web-share\" referrerpolicy=\"strict-origin-when-cross-origin\"><\/iframe>\n<\/div><\/figure>\n\n\n\n<figure class=\"wp-block-embed is-type-video is-provider-vimeo wp-block-embed-vimeo wp-embed-aspect-4-3 wp-has-aspect-ratio\"><div class=\"wp-block-embed__wrapper\">\n<iframe loading=\"lazy\" title=\"Iard i Astro\" src=\"https:\/\/player.vimeo.com\/video\/555774581?dnt=1&amp;app_id=122963\" width=\"500\" height=\"375\" frameborder=\"0\" allow=\"autoplay; fullscreen; picture-in-picture; clipboard-write; encrypted-media; web-share\" referrerpolicy=\"strict-origin-when-cross-origin\"><\/iframe>\n<\/div><\/figure>\n\n\n\n<figure class=\"wp-block-embed is-type-video is-provider-vimeo wp-block-embed-vimeo wp-embed-aspect-4-3 wp-has-aspect-ratio\"><div class=\"wp-block-embed__wrapper\">\n<iframe loading=\"lazy\" title=\"Iard i&#039;r llyfrgell\" src=\"https:\/\/player.vimeo.com\/video\/555774636?dnt=1&amp;app_id=122963\" width=\"500\" height=\"375\" frameborder=\"0\" allow=\"autoplay; fullscreen; picture-in-picture; clipboard-write; encrypted-media; web-share\" referrerpolicy=\"strict-origin-when-cross-origin\"><\/iframe>\n<\/div><\/figure>\n\n<\/div>\n\t\t<\/div>\n\n<div class=\"wp-block-ub-content-toggle-accordion\" style=\"border-color: #e7f5fb; \" id=\"ub-content-toggle-panel-block-\">\n\t\t\t<div class=\"wp-block-ub-content-toggle-accordion-title-wrap\" style=\"background-color: #e7f5fb;\" aria-controls=\"ub-content-toggle-panel-5-44a5f72a-8ac1-4697-a560-c5a39ed449df\" tabindex=\"0\">\n\t\t\t<p class=\"wp-block-ub-content-toggle-accordion-title ub-content-toggle-title-44a5f72a-8ac1-4697-a560-c5a39ed449df\" style=\"color: #000000; \">Pontio<\/p>\n\t\t\t<div class=\"wp-block-ub-content-toggle-accordion-toggle-wrap right\" style=\"color: #000000;\"><span class=\"wp-block-ub-content-toggle-accordion-state-indicator wp-block-ub-chevron-down\"><\/span><\/div>\n\t\t<\/div>\n\t\t\t<div role=\"region\" aria-expanded=\"false\" class=\"wp-block-ub-content-toggle-accordion-content-wrap ub-hide\" id=\"ub-content-toggle-panel-5-44a5f72a-8ac1-4697-a560-c5a39ed449df\">\n\n<figure class=\"wp-block-embed is-type-video is-provider-vimeo wp-block-embed-vimeo\"><div class=\"wp-block-embed__wrapper\">\n<iframe loading=\"lazy\" title=\"Y ffordd i bontio\" src=\"https:\/\/player.vimeo.com\/video\/555776216?dnt=1&amp;app_id=122963\" width=\"500\" height=\"226\" frameborder=\"0\" allow=\"autoplay; fullscreen; picture-in-picture; clipboard-write; encrypted-media; web-share\" referrerpolicy=\"strict-origin-when-cross-origin\"><\/iframe>\n<\/div><\/figure>\n\n\n\n<figure class=\"wp-block-embed is-type-video is-provider-vimeo wp-block-embed-vimeo wp-embed-aspect-4-3 wp-has-aspect-ratio\"><div class=\"wp-block-embed__wrapper\">\n<iframe loading=\"lazy\" title=\"Cyflwyniad i bontio\" src=\"https:\/\/player.vimeo.com\/video\/555775444?dnt=1&amp;app_id=122963\" width=\"500\" height=\"375\" frameborder=\"0\" allow=\"autoplay; fullscreen; picture-in-picture; clipboard-write; encrypted-media; web-share\" referrerpolicy=\"strict-origin-when-cross-origin\"><\/iframe>\n<\/div><\/figure>\n\n<\/div>\n\t\t<\/div>\n\n<div class=\"wp-block-ub-content-toggle-accordion\" style=\"border-color: #e7f5fb; \" id=\"ub-content-toggle-panel-block-\">\n\t\t\t<div class=\"wp-block-ub-content-toggle-accordion-title-wrap\" style=\"background-color: #e7f5fb;\" aria-controls=\"ub-content-toggle-panel-6-44a5f72a-8ac1-4697-a560-c5a39ed449df\" tabindex=\"0\">\n\t\t\t<p class=\"wp-block-ub-content-toggle-accordion-title ub-content-toggle-title-44a5f72a-8ac1-4697-a560-c5a39ed449df\" style=\"color: #000000; \">Gwisg Ysgol<\/p>\n\t\t\t<div class=\"wp-block-ub-content-toggle-accordion-toggle-wrap right\" style=\"color: #000000;\"><span class=\"wp-block-ub-content-toggle-accordion-state-indicator wp-block-ub-chevron-down\"><\/span><\/div>\n\t\t<\/div>\n\t\t\t<div role=\"region\" aria-expanded=\"false\" class=\"wp-block-ub-content-toggle-accordion-content-wrap ub-hide\" id=\"ub-content-toggle-panel-6-44a5f72a-8ac1-4697-a560-c5a39ed449df\">\n\n<figure class=\"wp-block-embed is-type-video is-provider-vimeo wp-block-embed-vimeo wp-embed-aspect-16-9 wp-has-aspect-ratio\"><div class=\"wp-block-embed__wrapper\">\n<iframe loading=\"lazy\" title=\"Gwisg Ysgol\" src=\"https:\/\/player.vimeo.com\/video\/555775156?dnt=1&amp;app_id=122963\" width=\"500\" height=\"281\" frameborder=\"0\" allow=\"autoplay; fullscreen; picture-in-picture; clipboard-write; encrypted-media; web-share\" referrerpolicy=\"strict-origin-when-cross-origin\"><\/iframe>\n<\/div><\/figure>\n\n<\/div>\n\t\t<\/div>\n\n<div class=\"wp-block-ub-content-toggle-accordion\" style=\"border-color: #e7f5fb; \" id=\"ub-content-toggle-panel-block-\">\n\t\t\t<div class=\"wp-block-ub-content-toggle-accordion-title-wrap\" style=\"background-color: #e7f5fb;\" aria-controls=\"ub-content-toggle-panel-7-44a5f72a-8ac1-4697-a560-c5a39ed449df\" tabindex=\"0\">\n\t\t\t<p class=\"wp-block-ub-content-toggle-accordion-title ub-content-toggle-title-44a5f72a-8ac1-4697-a560-c5a39ed449df\" style=\"color: #000000; \">Morfa Bach<\/p>\n\t\t\t<div class=\"wp-block-ub-content-toggle-accordion-toggle-wrap right\" style=\"color: #000000;\"><span class=\"wp-block-ub-content-toggle-accordion-state-indicator wp-block-ub-chevron-down\"><\/span><\/div>\n\t\t<\/div>\n\t\t\t<div role=\"region\" aria-expanded=\"false\" class=\"wp-block-ub-content-toggle-accordion-content-wrap ub-hide\" id=\"ub-content-toggle-panel-7-44a5f72a-8ac1-4697-a560-c5a39ed449df\">\n\n<figure class=\"wp-block-embed is-type-video is-provider-vimeo wp-block-embed-vimeo wp-embed-aspect-16-9 wp-has-aspect-ratio\"><div class=\"wp-block-embed__wrapper\">\n<iframe loading=\"lazy\" title=\"Tiwtor Morfa Bach\" src=\"https:\/\/player.vimeo.com\/video\/555772859?dnt=1&amp;app_id=122963\" width=\"500\" height=\"281\" frameborder=\"0\" allow=\"autoplay; fullscreen; picture-in-picture; clipboard-write; encrypted-media; web-share\" referrerpolicy=\"strict-origin-when-cross-origin\"><\/iframe>\n<\/div><\/figure>\n\n<\/div>\n\t\t<\/div>\n\n<div class=\"wp-block-ub-content-toggle-accordion\" style=\"border-color: #e7f5fb; \" id=\"ub-content-toggle-panel-block-\">\n\t\t\t<div class=\"wp-block-ub-content-toggle-accordion-title-wrap\" style=\"background-color: #e7f5fb;\" aria-controls=\"ub-content-toggle-panel-8-44a5f72a-8ac1-4697-a560-c5a39ed449df\" tabindex=\"0\">\n\t\t\t<p class=\"wp-block-ub-content-toggle-accordion-title ub-content-toggle-title-44a5f72a-8ac1-4697-a560-c5a39ed449df\" style=\"color: #000000; \">Clybiau<\/p>\n\t\t\t<div class=\"wp-block-ub-content-toggle-accordion-toggle-wrap right\" style=\"color: #000000;\"><span class=\"wp-block-ub-content-toggle-accordion-state-indicator wp-block-ub-chevron-down\"><\/span><\/div>\n\t\t<\/div>\n\t\t\t<div role=\"region\" aria-expanded=\"false\" class=\"wp-block-ub-content-toggle-accordion-content-wrap ub-hide\" id=\"ub-content-toggle-panel-8-44a5f72a-8ac1-4697-a560-c5a39ed449df\">\n\n<figure class=\"wp-block-embed is-type-video is-provider-vimeo wp-block-embed-vimeo wp-embed-aspect-16-9 wp-has-aspect-ratio\"><div class=\"wp-block-embed__wrapper\">\n<iframe loading=\"lazy\" title=\"Gardd Vid\" src=\"https:\/\/player.vimeo.com\/video\/555772732?dnt=1&amp;app_id=122963\" width=\"480\" height=\"270\" frameborder=\"0\" allow=\"autoplay; fullscreen; picture-in-picture; clipboard-write; encrypted-media; web-share\" referrerpolicy=\"strict-origin-when-cross-origin\"><\/iframe>\n<\/div><\/figure>\n\n<\/div>\n\t\t<\/div>\n<\/div>\n<\/div>\n\t\t<\/div>\n\n<div class=\"wp-block-ub-content-toggle-accordion\" style=\"border-color: #f1f1f1; \" id=\"ub-content-toggle-panel-block-3c29fd45-4509-4291-a77a-f277b041fb05\">\n\t\t\t<div class=\"wp-block-ub-content-toggle-accordion-title-wrap\" style=\"background-color: #f1f1f1;\" aria-controls=\"ub-content-toggle-panel-3-6d3108a9-4159-4cc7-a193-918a9e786e6d\" tabindex=\"0\">\n\t\t\t<p class=\"wp-block-ub-content-toggle-accordion-title ub-content-toggle-title-6d3108a9-4159-4cc7-a193-918a9e786e6d\" style=\"color: #000000; \">Cwrdd \u00e2&#039;r T\u00eem<\/p>\n\t\t\t<div class=\"wp-block-ub-content-toggle-accordion-toggle-wrap right\" style=\"color: #000000;\"><span class=\"wp-block-ub-content-toggle-accordion-state-indicator wp-block-ub-chevron-down\"><\/span><\/div>\n\t\t<\/div>\n\t\t\t<div role=\"region\" aria-expanded=\"false\" class=\"wp-block-ub-content-toggle-accordion-content-wrap ub-hide\" id=\"ub-content-toggle-panel-3-6d3108a9-4159-4cc7-a193-918a9e786e6d\">\n\n<p>Isod, fe welwch wybodaeth ddefnyddiol am ein t\u00eem pontio fel y gallwch chi roi wyneb i'r enw:<\/p>\n\n\n\n<div class=\"wp-block-media-text alignwide is-stacked-on-mobile\" style=\"grid-template-columns:20% auto\"><figure class=\"wp-block-media-text__media\"><img loading=\"lazy\" decoding=\"async\" width=\"683\" height=\"1024\" src=\"https:\/\/www.aberconwy.conwy.sch.uk\/wp-content\/uploads\/2025\/01\/Ian-Gerrard-683x1024.jpg\" alt=\"\" class=\"wp-image-9047 size-thumbnail\" srcset=\"https:\/\/www.aberconwy.conwy.sch.uk\/wp-content\/uploads\/2025\/01\/Ian-Gerrard-683x1024.jpg 683w, https:\/\/www.aberconwy.conwy.sch.uk\/wp-content\/uploads\/2025\/01\/Ian-Gerrard-200x300.jpg 200w, https:\/\/www.aberconwy.conwy.sch.uk\/wp-content\/uploads\/2025\/01\/Ian-Gerrard-768x1152.jpg 768w, https:\/\/www.aberconwy.conwy.sch.uk\/wp-content\/uploads\/2025\/01\/Ian-Gerrard-1024x1536.jpg 1024w, https:\/\/www.aberconwy.conwy.sch.uk\/wp-content\/uploads\/2025\/01\/Ian-Gerrard-1365x2048.jpg 1365w, https:\/\/www.aberconwy.conwy.sch.uk\/wp-content\/uploads\/2025\/01\/Ian-Gerrard-8x12.jpg 8w, https:\/\/www.aberconwy.conwy.sch.uk\/wp-content\/uploads\/2025\/01\/Ian-Gerrard-scaled.jpg 1707w\" sizes=\"auto, (max-width: 683px) 100vw, 683px\" \/><\/figure><div class=\"wp-block-media-text__content\">\n<p><strong>Mr Ian Gerrard \u2013 Pennaeth<\/strong><\/p>\n\n\n\n<p class=\"has-small-font-size\">Mr Gerrard yw&#039;r Pennaeth yma yn Ysgol Aberconwy. Ef sy&#039;n gyfrifol am yr ysgol a sut mae&#039;n rhedeg. Efallai na fyddwch chi&#039;n dod ar ei draws yn aml iawn ond mae o o gwmpas bob amser.<\/p>\n<\/div><\/div>\n\n\n\n<div style=\"height:11px\" aria-hidden=\"true\" class=\"wp-block-spacer\"><\/div>\n\n\n\n<div class=\"wp-block-media-text alignwide is-stacked-on-mobile\" style=\"grid-template-columns:20% auto\"><figure class=\"wp-block-media-text__media\"><img loading=\"lazy\" decoding=\"async\" width=\"683\" height=\"1024\" src=\"https:\/\/www.aberconwy.conwy.sch.uk\/wp-content\/uploads\/2025\/01\/Catrin-Jones-683x1024.jpg\" alt=\"\" class=\"wp-image-9048 size-thumbnail\" srcset=\"https:\/\/www.aberconwy.conwy.sch.uk\/wp-content\/uploads\/2025\/01\/Catrin-Jones-683x1024.jpg 683w, https:\/\/www.aberconwy.conwy.sch.uk\/wp-content\/uploads\/2025\/01\/Catrin-Jones-200x300.jpg 200w, https:\/\/www.aberconwy.conwy.sch.uk\/wp-content\/uploads\/2025\/01\/Catrin-Jones-768x1152.jpg 768w, https:\/\/www.aberconwy.conwy.sch.uk\/wp-content\/uploads\/2025\/01\/Catrin-Jones-1024x1536.jpg 1024w, https:\/\/www.aberconwy.conwy.sch.uk\/wp-content\/uploads\/2025\/01\/Catrin-Jones-1365x2048.jpg 1365w, https:\/\/www.aberconwy.conwy.sch.uk\/wp-content\/uploads\/2025\/01\/Catrin-Jones-8x12.jpg 8w, https:\/\/www.aberconwy.conwy.sch.uk\/wp-content\/uploads\/2025\/01\/Catrin-Jones-scaled.jpg 1707w\" sizes=\"auto, (max-width: 683px) 100vw, 683px\" \/><\/figure><div class=\"wp-block-media-text__content\">\n<p><strong>Mrs Catrin Jones \u2013 Cydlynydd Pontio<\/strong><\/p>\n\n\n\n<p class=\"has-small-font-size\">Mrs Jones yw'r Cydlynydd Pontio yn yr ysgol. Hi yw'r un y bydd eich plentyn wedi'i gweld yn eu hysgolion cynradd yn ystod y flwyddyn. Hi sydd yng ngofal y rhaglen bontio yn Ysgol Aberconwy ac mae'n debygol mai hi fydd yr wyneb cyfarwydd a welwch pan fyddwch yn cyrraedd gyntaf.<\/p>\n<\/div><\/div>\n\n\n\n<div style=\"height:11px\" aria-hidden=\"true\" class=\"wp-block-spacer\"><\/div>\n\n\n\n<div style=\"height:11px\" aria-hidden=\"true\" class=\"wp-block-spacer\"><\/div>\n\n\n\n<div class=\"wp-block-media-text alignwide is-stacked-on-mobile\" style=\"grid-template-columns:20% auto\"><figure class=\"wp-block-media-text__media\"><img loading=\"lazy\" decoding=\"async\" width=\"683\" height=\"1024\" src=\"https:\/\/www.aberconwy.conwy.sch.uk\/wp-content\/uploads\/2025\/01\/Andrew-Hesketh-683x1024.jpg\" alt=\"\" class=\"wp-image-9049 size-thumbnail\" srcset=\"https:\/\/www.aberconwy.conwy.sch.uk\/wp-content\/uploads\/2025\/01\/Andrew-Hesketh-683x1024.jpg 683w, https:\/\/www.aberconwy.conwy.sch.uk\/wp-content\/uploads\/2025\/01\/Andrew-Hesketh-200x300.jpg 200w, https:\/\/www.aberconwy.conwy.sch.uk\/wp-content\/uploads\/2025\/01\/Andrew-Hesketh-768x1152.jpg 768w, https:\/\/www.aberconwy.conwy.sch.uk\/wp-content\/uploads\/2025\/01\/Andrew-Hesketh-1024x1536.jpg 1024w, https:\/\/www.aberconwy.conwy.sch.uk\/wp-content\/uploads\/2025\/01\/Andrew-Hesketh-1365x2048.jpg 1365w, https:\/\/www.aberconwy.conwy.sch.uk\/wp-content\/uploads\/2025\/01\/Andrew-Hesketh-8x12.jpg 8w, https:\/\/www.aberconwy.conwy.sch.uk\/wp-content\/uploads\/2025\/01\/Andrew-Hesketh-scaled.jpg 1707w\" sizes=\"auto, (max-width: 683px) 100vw, 683px\" \/><\/figure><div class=\"wp-block-media-text__content\">\n<p><strong>Mr Andrew Hesketh \u2013 Pennaeth Cynorthwyol (Bugeiliol)<\/strong><\/p>\n\n\n\n<p class=\"has-small-font-size\">Mr Hesketh yw&#039;r Pennaeth Cynorthwyol sydd \u00e2 gofal bugeiliol. Mae hyn yn golygu ei fod yn sicrhau safonau rhagorol yn <a href=\"https:\/\/www.aberconwy.conwy.sch.uk\/cy\/pastoral-care\/\" data-type=\"page\" data-id=\"1212\">gofal bugeiliol<\/a>, gan gynnwys ymddygiad, presenoldeb a phrydlondeb. <\/p>\n<\/div><\/div>\n\n\n\n<div style=\"height:11px\" aria-hidden=\"true\" class=\"wp-block-spacer\"><\/div>\n\n\n\n<div class=\"wp-block-media-text alignwide is-stacked-on-mobile\" style=\"grid-template-columns:20% auto\"><figure class=\"wp-block-media-text__media\"><img loading=\"lazy\" decoding=\"async\" width=\"683\" height=\"1024\" src=\"https:\/\/www.aberconwy.conwy.sch.uk\/wp-content\/uploads\/2026\/04\/Rebecca-Hughes-683x1024.jpg\" alt=\"\" class=\"wp-image-11410 size-thumbnail\" srcset=\"https:\/\/www.aberconwy.conwy.sch.uk\/wp-content\/uploads\/2026\/04\/Rebecca-Hughes-683x1024.jpg 683w, https:\/\/www.aberconwy.conwy.sch.uk\/wp-content\/uploads\/2026\/04\/Rebecca-Hughes-200x300.jpg 200w, https:\/\/www.aberconwy.conwy.sch.uk\/wp-content\/uploads\/2026\/04\/Rebecca-Hughes-768x1152.jpg 768w, https:\/\/www.aberconwy.conwy.sch.uk\/wp-content\/uploads\/2026\/04\/Rebecca-Hughes-1024x1536.jpg 1024w, https:\/\/www.aberconwy.conwy.sch.uk\/wp-content\/uploads\/2026\/04\/Rebecca-Hughes-1365x2048.jpg 1365w, https:\/\/www.aberconwy.conwy.sch.uk\/wp-content\/uploads\/2026\/04\/Rebecca-Hughes-8x12.jpg 8w, https:\/\/www.aberconwy.conwy.sch.uk\/wp-content\/uploads\/2026\/04\/Rebecca-Hughes-scaled.jpg 1707w\" sizes=\"auto, (max-width: 683px) 100vw, 683px\" \/><\/figure><div class=\"wp-block-media-text__content\">\n<p><strong>Ms Rebecca Hughes<\/strong> \u2013 <strong>Pennaeth Blwyddyn 7<\/strong><\/p>\n\n\n\n<p class=\"has-small-font-size\">Mrs Ohlsson fydd y Pennaeth Blwyddyn a fydd yn gweithio ochr yn ochr \u00e2\u2019ch plentyn o flwyddyn 7-11. Bydd eich plentyn yn cwrdd \u00e2 nhw yn ystod yr wythnos Pontio.<\/p>\n<\/div><\/div>\n\n\n\n<div style=\"height:11px\" aria-hidden=\"true\" class=\"wp-block-spacer\"><\/div>\n\n\n\n<div class=\"wp-block-media-text alignwide is-stacked-on-mobile\" style=\"grid-template-columns:20% auto\"><figure class=\"wp-block-media-text__media\"><img loading=\"lazy\" decoding=\"async\" width=\"683\" height=\"1024\" src=\"https:\/\/www.aberconwy.conwy.sch.uk\/wp-content\/uploads\/2026\/04\/Hayley-Roberts-683x1024.jpg\" alt=\"\" class=\"wp-image-11411 size-thumbnail\" srcset=\"https:\/\/www.aberconwy.conwy.sch.uk\/wp-content\/uploads\/2026\/04\/Hayley-Roberts-683x1024.jpg 683w, https:\/\/www.aberconwy.conwy.sch.uk\/wp-content\/uploads\/2026\/04\/Hayley-Roberts-200x300.jpg 200w, https:\/\/www.aberconwy.conwy.sch.uk\/wp-content\/uploads\/2026\/04\/Hayley-Roberts-768x1152.jpg 768w, https:\/\/www.aberconwy.conwy.sch.uk\/wp-content\/uploads\/2026\/04\/Hayley-Roberts-1024x1536.jpg 1024w, https:\/\/www.aberconwy.conwy.sch.uk\/wp-content\/uploads\/2026\/04\/Hayley-Roberts-1365x2048.jpg 1365w, https:\/\/www.aberconwy.conwy.sch.uk\/wp-content\/uploads\/2026\/04\/Hayley-Roberts-8x12.jpg 8w, https:\/\/www.aberconwy.conwy.sch.uk\/wp-content\/uploads\/2026\/04\/Hayley-Roberts-scaled.jpg 1707w\" sizes=\"auto, (max-width: 683px) 100vw, 683px\" \/><\/figure><div class=\"wp-block-media-text__content\">\n<p><strong>Miss Hayley Roberts \u2013 Mentor Arweiniad Blwyddyn 7<\/strong><\/p>\n\n\n\n<p class=\"has-small-font-size\">Mrs Emily Richardson-Mcilveen fydd y Mentor Arweiniol ar gyfer blwyddyn 7. Bydd hi\u2019n bwynt cyswllt dyddiol i\u2019ch plentyn os oes ganddo broblem neu eisiau siarad.<\/p>\n<\/div><\/div>\n\n\n\n<div style=\"height:11px\" aria-hidden=\"true\" class=\"wp-block-spacer\"><\/div>\n\n\n\n<div class=\"wp-block-media-text alignwide is-stacked-on-mobile\" style=\"grid-template-columns:20% auto\"><figure class=\"wp-block-media-text__media\"><img loading=\"lazy\" decoding=\"async\" width=\"683\" height=\"1024\" src=\"https:\/\/www.aberconwy.conwy.sch.uk\/wp-content\/uploads\/2025\/01\/Medwen-Brookes-683x1024.jpg\" alt=\"\" class=\"wp-image-9045 size-thumbnail\" srcset=\"https:\/\/www.aberconwy.conwy.sch.uk\/wp-content\/uploads\/2025\/01\/Medwen-Brookes-683x1024.jpg 683w, https:\/\/www.aberconwy.conwy.sch.uk\/wp-content\/uploads\/2025\/01\/Medwen-Brookes-200x300.jpg 200w, https:\/\/www.aberconwy.conwy.sch.uk\/wp-content\/uploads\/2025\/01\/Medwen-Brookes-768x1152.jpg 768w, https:\/\/www.aberconwy.conwy.sch.uk\/wp-content\/uploads\/2025\/01\/Medwen-Brookes-1024x1536.jpg 1024w, https:\/\/www.aberconwy.conwy.sch.uk\/wp-content\/uploads\/2025\/01\/Medwen-Brookes-1365x2048.jpg 1365w, https:\/\/www.aberconwy.conwy.sch.uk\/wp-content\/uploads\/2025\/01\/Medwen-Brookes-8x12.jpg 8w, https:\/\/www.aberconwy.conwy.sch.uk\/wp-content\/uploads\/2025\/01\/Medwen-Brookes-scaled.jpg 1707w\" sizes=\"auto, (max-width: 683px) 100vw, 683px\" \/><\/figure><div class=\"wp-block-media-text__content\">\n<p><strong>Mrs Medwen Brookes \u2013 Pennaeth Cynorthwyol (Cynhwysiant)<\/strong><\/p>\n\n\n\n<p class=\"has-small-font-size\">Mrs Brookes yw'r Pennaeth Cynorthwyol sydd yng ngofal cynhwysiant.\"<a href=\"https:\/\/www.aberconwy.conwy.sch.uk\/cy\/y-ganolfan-2\/\" data-type=\"page\" data-id=\"1206\">Y Ganolfan<\/a>\u201d yw ein canolfan cynhwysiant arbenigol yma yn Ysgol Aberconwy. Mae hyn yn cynnwys \u201c<a href=\"https:\/\/www.aberconwy.conwy.sch.uk\/cy\/tegfan\/\" data-type=\"page\" data-id=\"1204\">Tegfan',<\/a>\u201d darpariaeth y sir ar gyfer myfyrwyr ag ASD ac anawsterau niwroddatblygiadol. <\/p>\n<\/div><\/div>\n\n\n\n<div style=\"height:11px\" aria-hidden=\"true\" class=\"wp-block-spacer\"><\/div>\n\n\n\n<div class=\"wp-block-media-text alignwide is-stacked-on-mobile\" style=\"grid-template-columns:20% auto\"><figure class=\"wp-block-media-text__media\"><img loading=\"lazy\" decoding=\"async\" width=\"683\" height=\"1024\" src=\"https:\/\/www.aberconwy.conwy.sch.uk\/wp-content\/uploads\/2025\/01\/David-Jolliffe-683x1024.jpg\" alt=\"\" class=\"wp-image-9043 size-thumbnail\" srcset=\"https:\/\/www.aberconwy.conwy.sch.uk\/wp-content\/uploads\/2025\/01\/David-Jolliffe-683x1024.jpg 683w, https:\/\/www.aberconwy.conwy.sch.uk\/wp-content\/uploads\/2025\/01\/David-Jolliffe-200x300.jpg 200w, https:\/\/www.aberconwy.conwy.sch.uk\/wp-content\/uploads\/2025\/01\/David-Jolliffe-768x1152.jpg 768w, https:\/\/www.aberconwy.conwy.sch.uk\/wp-content\/uploads\/2025\/01\/David-Jolliffe-1024x1536.jpg 1024w, https:\/\/www.aberconwy.conwy.sch.uk\/wp-content\/uploads\/2025\/01\/David-Jolliffe-1365x2048.jpg 1365w, https:\/\/www.aberconwy.conwy.sch.uk\/wp-content\/uploads\/2025\/01\/David-Jolliffe-8x12.jpg 8w, https:\/\/www.aberconwy.conwy.sch.uk\/wp-content\/uploads\/2025\/01\/David-Jolliffe-scaled.jpg 1707w\" sizes=\"auto, (max-width: 683px) 100vw, 683px\" \/><\/figure><div class=\"wp-block-media-text__content\">\n<p><strong>Mr D Jolliffe \u2013 Cydlynydd MAT (SEREN).<\/strong><\/p>\n\n\n\n<p class=\"has-small-font-size\">Mr David Jolliffe yw y <a href=\"https:\/\/www.aberconwy.conwy.sch.uk\/cy\/mat\/\" data-type=\"page\" data-id=\"1682\">Mwy Galluog a Thalentog (MAT)<\/a> Rydym yn ymfalch\u00efo mewn cwrdd ag anghenion amrywiol ein holl fyfyrwyr, gan gynnwys y rhai mwy galluog a thalentog.<\/p>\n<\/div><\/div>\n\n\n\n<p><\/p>\n\n<\/div>\n\t\t<\/div>\n\n<div class=\"wp-block-ub-content-toggle-accordion\" style=\"border-color: #f1f1f1; \" id=\"ub-content-toggle-panel-block-3211ca1c-ac34-47c1-99d7-9cb34f968c32\">\n\t\t\t<div class=\"wp-block-ub-content-toggle-accordion-title-wrap\" style=\"background-color: #f1f1f1;\" aria-controls=\"ub-content-toggle-panel-4-6d3108a9-4159-4cc7-a193-918a9e786e6d\" tabindex=\"0\">\n\t\t\t<p class=\"wp-block-ub-content-toggle-accordion-title ub-content-toggle-title-6d3108a9-4159-4cc7-a193-918a9e786e6d\" style=\"color: #000000; \">Cwestiynau Cyffredin<\/p>\n\t\t\t<div class=\"wp-block-ub-content-toggle-accordion-toggle-wrap right\" style=\"color: #000000;\"><span class=\"wp-block-ub-content-toggle-accordion-state-indicator wp-block-ub-chevron-down\"><\/span><\/div>\n\t\t<\/div>\n\t\t\t<div role=\"region\" aria-expanded=\"false\" class=\"wp-block-ub-content-toggle-accordion-content-wrap ub-hide\" id=\"ub-content-toggle-panel-4-6d3108a9-4159-4cc7-a193-918a9e786e6d\">\n\n<p>Gwyddom y bydd gennych lawer o gwestiynau am fywyd yn Ysgol Aberconwy. Mae aelodau ein t\u00eem bob amser yn hapus i ateb cwestiynau pan fyddant allan yn ymweld \u00e2&#039;r ysgolion cynradd, yn ogystal \u00e2 thrwy e-bost (gweler y manylion cyswllt ar waelod y dudalen). Gobeithio y byddwn wedi darparu&#039;r atebion i&#039;r rhan fwyaf o&#039;ch cwestiynau yn yr adran hon. I ddechrau, cliciwch ar y tabiau isod:<\/p>\n\n\n<div class=\"wp-block-ub-tabbed-content wp-block-ub-tabbed-content-holder wp-block-ub-tabbed-content-horizontal-holder-mobile wp-block-ub-tabbed-content-horizontal-holder-tablet\" id=\"ub-tabbed-content-20ec90ee-b4f5-48dc-a01b-c45cee215fcf\" style=\"\">\n\t\t\t<div class=\"wp-block-ub-tabbed-content-tab-holder horizontal-tab-width-mobile horizontal-tab-width-tablet\">\n\t\t\t\t<div role=\"tablist\" class=\"wp-block-ub-tabbed-content-tabs-title wp-block-ub-tabbed-content-tabs-title-mobile-horizontal-tab wp-block-ub-tabbed-content-tabs-title-tablet-horizontal-tab\" style=\"justify-content: flex-start; \"><div role=\"tab\" id=\"ub-tabbed-content-20ec90ee-b4f5-48dc-a01b-c45cee215fcf-tab-0\" aria-controls=\"ub-tabbed-content-20ec90ee-b4f5-48dc-a01b-c45cee215fcf-panel-0\" aria-selected=\"false\" class=\"wp-block-ub-tabbed-content-tab-title-wrap\" style=\"--ub-tabbed-active-title-color: inherit; --ub-tabbed-active-title-background-color: #e7f5fb; text-align: left; \" tabindex=\"-1\">\n\t\t\t\t<div class=\"wp-block-ub-tabbed-content-tab-title\"><strong>Gan ddechrau yn YSGOL Aberconwy<\/strong><\/div>\n\t\t\t<\/div><div role=\"tab\" id=\"ub-tabbed-content-20ec90ee-b4f5-48dc-a01b-c45cee215fcf-tab-1\" aria-controls=\"ub-tabbed-content-20ec90ee-b4f5-48dc-a01b-c45cee215fcf-panel-1\" aria-selected=\"false\" class=\"wp-block-ub-tabbed-content-tab-title-wrap\" style=\"--ub-tabbed-active-title-color: inherit; --ub-tabbed-active-title-background-color: #e7f5fb; text-align: left; \" tabindex=\"-1\">\n\t\t\t\t<div class=\"wp-block-ub-tabbed-content-tab-title\"><strong>Amser Cinio<\/strong><\/div>\n\t\t\t<\/div><div role=\"tab\" id=\"ub-tabbed-content-20ec90ee-b4f5-48dc-a01b-c45cee215fcf-tab-2\" aria-controls=\"ub-tabbed-content-20ec90ee-b4f5-48dc-a01b-c45cee215fcf-panel-2\" aria-selected=\"false\" class=\"wp-block-ub-tabbed-content-tab-title-wrap\" style=\"--ub-tabbed-active-title-color: inherit; --ub-tabbed-active-title-background-color: #e7f5fb; text-align: left; \" tabindex=\"-1\">\n\t\t\t\t<div class=\"wp-block-ub-tabbed-content-tab-title\"><strong>Gwisg Ysgol<\/strong><\/div>\n\t\t\t<\/div><div role=\"tab\" id=\"ub-tabbed-content-20ec90ee-b4f5-48dc-a01b-c45cee215fcf-tab-3\" aria-controls=\"ub-tabbed-content-20ec90ee-b4f5-48dc-a01b-c45cee215fcf-panel-3\" aria-selected=\"true\" class=\"wp-block-ub-tabbed-content-tab-title-wrap active\" style=\"--ub-tabbed-title-background-color: #e7f5fb; --ub-tabbed-active-title-color: inherit; --ub-tabbed-active-title-background-color: #e7f5fb; text-align: left; \" tabindex=\"-1\">\n\t\t\t\t<div class=\"wp-block-ub-tabbed-content-tab-title\"><strong>Cefnogaeth<\/strong><\/div>\n\t\t\t<\/div><\/div>\n\t\t\t<\/div>\n\t\t\t<div class=\"wp-block-ub-tabbed-content-tabs-content\" style=\"\"><div role=\"tabpanel\" class=\"wp-block-ub-tabbed-content-tab-content-wrap ub-hide\" id=\"ub-tabbed-content-20ec90ee-b4f5-48dc-a01b-c45cee215fcf-panel-0\" aria-labelledby=\"ub-tabbed-content-20ec90ee-b4f5-48dc-a01b-c45cee215fcf-tab-0\" tabindex=\"0\">\n<div class=\"wp-block-ub-content-toggle wp-block-ub-content-toggle-block\" id=\"ub-content-toggle-block-0058b733-37ef-4824-8b5c-afe340bd0a9d\" data-mobilecollapse=\"false\" data-desktopcollapse=\"false\" data-preventcollapse=\"false\" data-showonlyone=\"true\">\n<div class=\"wp-block-ub-content-toggle-accordion\" style=\"border-color: #ebf7fc; \" id=\"ub-content-toggle-panel-block-\">\n\t\t\t<div class=\"wp-block-ub-content-toggle-accordion-title-wrap\" style=\"background-color: #ebf7fc;\" aria-controls=\"ub-content-toggle-panel-0-0058b733-37ef-4824-8b5c-afe340bd0a9d\" tabindex=\"0\">\n\t\t\t<p class=\"wp-block-ub-content-toggle-accordion-title ub-content-toggle-title-0058b733-37ef-4824-8b5c-afe340bd0a9d\" style=\"\">Sut fydda i'n gwybod ym mha dosbarth cofrestru yr ydw i?<\/p>\n\t\t\t<div class=\"wp-block-ub-content-toggle-accordion-toggle-wrap right\" style=\"color: #000000;\"><span class=\"wp-block-ub-content-toggle-accordion-state-indicator wp-block-ub-chevron-down\"><\/span><\/div>\n\t\t<\/div>\n\t\t\t<div role=\"region\" aria-expanded=\"false\" class=\"wp-block-ub-content-toggle-accordion-content-wrap ub-hide\" id=\"ub-content-toggle-panel-0-0058b733-37ef-4824-8b5c-afe340bd0a9d\">\n\n<p>Bydd eich plentyn yn cael gwybod am eu dosbarthiadau cofrestru yn ystod yr wythnos bontio. Byddan nhw hefyd yn cael cerdyn post gyda llun o\u2019u tiwtor dosbarth a\u2019r dosbarth y byddan nhw ynddo.<\/p>\n\n<\/div>\n\t\t<\/div>\n\n<div class=\"wp-block-ub-content-toggle-accordion\" style=\"border-color: #ebf7fc; \" id=\"ub-content-toggle-panel-block-\">\n\t\t\t<div class=\"wp-block-ub-content-toggle-accordion-title-wrap\" style=\"background-color: #ebf7fc;\" aria-controls=\"ub-content-toggle-panel-1-0058b733-37ef-4824-8b5c-afe340bd0a9d\" tabindex=\"0\">\n\t\t\t<p class=\"wp-block-ub-content-toggle-accordion-title ub-content-toggle-title-0058b733-37ef-4824-8b5c-afe340bd0a9d\" style=\"\">Faint o'r gloch y bydd angen imi gyrraedd yr ysgol?<\/p>\n\t\t\t<div class=\"wp-block-ub-content-toggle-accordion-toggle-wrap right\" style=\"color: #000000;\"><span class=\"wp-block-ub-content-toggle-accordion-state-indicator wp-block-ub-chevron-down\"><\/span><\/div>\n\t\t<\/div>\n\t\t\t<div role=\"region\" aria-expanded=\"false\" class=\"wp-block-ub-content-toggle-accordion-content-wrap ub-hide\" id=\"ub-content-toggle-panel-1-0058b733-37ef-4824-8b5c-afe340bd0a9d\">\n\n<p>Mae\u2019r ysgol yn cychwyn am 8.45 a disgwylir i\u2019r disgyblion fynd i\u2019w dosbarth cofrestru neu neuadd yr ysgol am wasanaeth ar yr adeg hon.\u00a0<\/p>\n\n<\/div>\n\t\t<\/div>\n\n<div class=\"wp-block-ub-content-toggle-accordion\" style=\"border-color: #ebf7fc; \" id=\"ub-content-toggle-panel-block-\">\n\t\t\t<div class=\"wp-block-ub-content-toggle-accordion-title-wrap\" style=\"background-color: #ebf7fc;\" aria-controls=\"ub-content-toggle-panel-2-0058b733-37ef-4824-8b5c-afe340bd0a9d\" tabindex=\"0\">\n\t\t\t<p class=\"wp-block-ub-content-toggle-accordion-title ub-content-toggle-title-0058b733-37ef-4824-8b5c-afe340bd0a9d\" style=\"\">Sut fydda i'n gwybod ble i fynd ar fy niwrnod cyntaf?<\/p>\n\t\t\t<div class=\"wp-block-ub-content-toggle-accordion-toggle-wrap right\" style=\"color: #000000;\"><span class=\"wp-block-ub-content-toggle-accordion-state-indicator wp-block-ub-chevron-down\"><\/span><\/div>\n\t\t<\/div>\n\t\t\t<div role=\"region\" aria-expanded=\"false\" class=\"wp-block-ub-content-toggle-accordion-content-wrap ub-hide\" id=\"ub-content-toggle-panel-2-0058b733-37ef-4824-8b5c-afe340bd0a9d\">\n\n<p>Byddwch yn dod i&#039;r ysgol trwy&#039;r gatiau gwyrdd mawr ger y parc bysiau sydd i&#039;r dde o adeilad yr ysgol. Fe welwch y brif iard o&#039;ch blaen yn y pellter a bydd athrawon yn aros i&#039;ch cyfarch ac i fynd \u00e2 chi i&#039;r brif neuadd ar gyfer gwasanaeth. Bydd staff wrth y brif gi\u00e2t hefyd - fe welwch nhw mewn siacedi melyn llachar.\u00a0<\/p>\n\n<\/div>\n\t\t<\/div>\n\n<div class=\"wp-block-ub-content-toggle-accordion\" style=\"border-color: #ebf7fc; \" id=\"ub-content-toggle-panel-block-\">\n\t\t\t<div class=\"wp-block-ub-content-toggle-accordion-title-wrap\" style=\"background-color: #ebf7fc;\" aria-controls=\"ub-content-toggle-panel-3-0058b733-37ef-4824-8b5c-afe340bd0a9d\" tabindex=\"0\">\n\t\t\t<p class=\"wp-block-ub-content-toggle-accordion-title ub-content-toggle-title-0058b733-37ef-4824-8b5c-afe340bd0a9d\" style=\"\">Rwy'n poeni nad ydw i'n adnabod unrhyw un yn Aberconwy.<\/p>\n\t\t\t<div class=\"wp-block-ub-content-toggle-accordion-toggle-wrap right\" style=\"color: #000000;\"><span class=\"wp-block-ub-content-toggle-accordion-state-indicator wp-block-ub-chevron-down\"><\/span><\/div>\n\t\t<\/div>\n\t\t\t<div role=\"region\" aria-expanded=\"false\" class=\"wp-block-ub-content-toggle-accordion-content-wrap ub-hide\" id=\"ub-content-toggle-panel-3-0058b733-37ef-4824-8b5c-afe340bd0a9d\">\n\n<p>Bydd staff Aberconwy yn gwybod eich bod wedi dod ar eich pen eich hun a byddant yn gwybod nad ydych yn adnabod unrhyw un. Byddant yn eich helpu i wneud ffrindiau pan gyrhaeddwch.<\/p>\n\n<\/div>\n\t\t<\/div>\n\n<div class=\"wp-block-ub-content-toggle-accordion\" style=\"border-color: #ebf7fc; \" id=\"ub-content-toggle-panel-block-\">\n\t\t\t<div class=\"wp-block-ub-content-toggle-accordion-title-wrap\" style=\"background-color: #ebf7fc;\" aria-controls=\"ub-content-toggle-panel-4-0058b733-37ef-4824-8b5c-afe340bd0a9d\" tabindex=\"0\">\n\t\t\t<p class=\"wp-block-ub-content-toggle-accordion-title ub-content-toggle-title-0058b733-37ef-4824-8b5c-afe340bd0a9d\" style=\"--ub-content-toggle-title-link-color: #ffffff; \">Ble alla i gadw fy llyfrau ac offer?<\/p>\n\t\t\t<div class=\"wp-block-ub-content-toggle-accordion-toggle-wrap right\" style=\"color: #ffffff;\"><span class=\"wp-block-ub-content-toggle-accordion-state-indicator wp-block-ub-chevron-down\"><\/span><\/div>\n\t\t<\/div>\n\t\t\t<div role=\"region\" aria-expanded=\"false\" class=\"wp-block-ub-content-toggle-accordion-content-wrap ub-hide\" id=\"ub-content-toggle-panel-4-0058b733-37ef-4824-8b5c-afe340bd0a9d\">\n\n<p>Mae pob un o\u2019n disgyblion yn cario eu hoffer a\u2019u llyfrau eu hunain yn eu bagiau. Bydd angen i chi wirio\u2019ch amserlen bob nos a threfnu\u2019ch bag i wneud yn si\u0175r bod gennych chi bopeth sydd ei angen arnoch chi ar gyfer y diwrnod canlynol. Os byddwch chi\u2019n trefnu\u2019ch hun fel hyn, ni fydd eich bag yn drwm a gellir ei gario o gwmpas yn eithaf hawdd. Bydd angen i chi ofalu am eich bag eich hun pan fyddwch chi yn Aberconwy ond byddwch chi\u2019n dod i arfer \u00e2 hyn yn gyflym iawn.<\/p>\n\n<\/div>\n\t\t<\/div>\n\n<div class=\"wp-block-ub-content-toggle-accordion\" style=\"border-color: #ebf7fc; \" id=\"ub-content-toggle-panel-block-\">\n\t\t\t<div class=\"wp-block-ub-content-toggle-accordion-title-wrap\" style=\"background-color: #ebf7fc;\" aria-controls=\"ub-content-toggle-panel-5-0058b733-37ef-4824-8b5c-afe340bd0a9d\" tabindex=\"0\">\n\t\t\t<p class=\"wp-block-ub-content-toggle-accordion-title ub-content-toggle-title-0058b733-37ef-4824-8b5c-afe340bd0a9d\" style=\"\">Sut fydda i'n gwybod ble mae fy ystafell ddosbarth? <\/p>\n\t\t\t<div class=\"wp-block-ub-content-toggle-accordion-toggle-wrap right\" style=\"color: #000000;\"><span class=\"wp-block-ub-content-toggle-accordion-state-indicator wp-block-ub-chevron-down\"><\/span><\/div>\n\t\t<\/div>\n\t\t\t<div role=\"region\" aria-expanded=\"false\" class=\"wp-block-ub-content-toggle-accordion-content-wrap ub-hide\" id=\"ub-content-toggle-panel-5-0058b733-37ef-4824-8b5c-afe340bd0a9d\">\n\n<p>Cewch eich tywys i'r neuadd ar eich diwrnod cyntaf a bydd y Pennaeth Blwyddyn, mentor arweiniol a thiwtor dosbarth yn cwrdd \u00e2 chi yno. Bydd y Pennaeth Blwyddyn yn gwirio bod pawb wedi cyrraedd a bydd yn gofyn i'ch tiwtor dosbarth eich hebrwng i'r ystafell ddosbarth. Byddwn yn rhoi cynllun o'r ysgol i chi a byddwn yn rhoi taith o amgylch yr ysgol i chi pan fyddwch chi i mewn. Gallwch weld rhai teithiau ar y fideos rydyn ni'n eu paratoi ar eich cyfer chi ar wefan yr ysgol. Gadewch inni wybod os hoffech weld unrhyw le yn benodol.<\/p>\n\n<\/div>\n\t\t<\/div>\n\n<div class=\"wp-block-ub-content-toggle-accordion\" style=\"border-color: #ebf7fc; \" id=\"ub-content-toggle-panel-block-\">\n\t\t\t<div class=\"wp-block-ub-content-toggle-accordion-title-wrap\" style=\"background-color: #ebf7fc;\" aria-controls=\"ub-content-toggle-panel-6-0058b733-37ef-4824-8b5c-afe340bd0a9d\" tabindex=\"0\">\n\t\t\t<p class=\"wp-block-ub-content-toggle-accordion-title ub-content-toggle-title-0058b733-37ef-4824-8b5c-afe340bd0a9d\" style=\"\">Rwy'n poeni y bydda i'n mynd ar goll.<\/p>\n\t\t\t<div class=\"wp-block-ub-content-toggle-accordion-toggle-wrap right\" style=\"color: #000000;\"><span class=\"wp-block-ub-content-toggle-accordion-state-indicator wp-block-ub-chevron-down\"><\/span><\/div>\n\t\t<\/div>\n\t\t\t<div role=\"region\" aria-expanded=\"false\" class=\"wp-block-ub-content-toggle-accordion-content-wrap ub-hide\" id=\"ub-content-toggle-panel-6-0058b733-37ef-4824-8b5c-afe340bd0a9d\">\n\n<p>Bydd eich tiwtor dosbarth yn eich tywys o amgylch yr ysgol pan fyddwch chi'n dechrau. Fe gewch fap o'r ysgol. Os ewch ar goll, bydd rhywun ar gael bob amser i'ch helpu a byddant yn mynd \u00e2 chi lle mae angen i chi fod.<\/p>\n\n<\/div>\n\t\t<\/div>\n\n<div class=\"wp-block-ub-content-toggle-accordion\" style=\"border-color: #ebf7fc; \" id=\"ub-content-toggle-panel-block-\">\n\t\t\t<div class=\"wp-block-ub-content-toggle-accordion-title-wrap\" style=\"background-color: #ebf7fc;\" aria-controls=\"ub-content-toggle-panel-7-0058b733-37ef-4824-8b5c-afe340bd0a9d\" tabindex=\"0\">\n\t\t\t<p class=\"wp-block-ub-content-toggle-accordion-title ub-content-toggle-title-0058b733-37ef-4824-8b5c-afe340bd0a9d\" style=\"\">Pa offer fydd ei angen arnaf?<\/p>\n\t\t\t<div class=\"wp-block-ub-content-toggle-accordion-toggle-wrap right\" style=\"color: #000000;\"><span class=\"wp-block-ub-content-toggle-accordion-state-indicator wp-block-ub-chevron-down\"><\/span><\/div>\n\t\t<\/div>\n\t\t\t<div role=\"region\" aria-expanded=\"false\" class=\"wp-block-ub-content-toggle-accordion-content-wrap ub-hide\" id=\"ub-content-toggle-panel-7-0058b733-37ef-4824-8b5c-afe340bd0a9d\">\n\n<p>Bydd angen cas pensiliau arnoch gyda beiros, pensiliau, pren mesur, miniwr, rwber a phensiliau lliw. Bydd angen i chi ddod \u00e2'ch cit AG ar y diwrnodau y bydd gennych AG - gallwch wirio'ch amserlen i ddarganfod pryd mae hyn yn digwydd. Gellir dod \u00e2 ffonau symudol i'r ysgol (ar eich cyfrifoldeb eich hun) ond rhaid eu diffodd bob amser ar wah\u00e2n i amser egwyl a chinio.<\/p>\n\n<\/div>\n\t\t<\/div>\n\n<div class=\"wp-block-ub-content-toggle-accordion\" style=\"border-color: #ebf7fc; \" id=\"ub-content-toggle-panel-block-\">\n\t\t\t<div class=\"wp-block-ub-content-toggle-accordion-title-wrap\" style=\"background-color: #ebf7fc;\" aria-controls=\"ub-content-toggle-panel-8-0058b733-37ef-4824-8b5c-afe340bd0a9d\" tabindex=\"0\">\n\t\t\t<p class=\"wp-block-ub-content-toggle-accordion-title ub-content-toggle-title-0058b733-37ef-4824-8b5c-afe340bd0a9d\" style=\"\">Beth os anghofia'i fy offer? <\/p>\n\t\t\t<div class=\"wp-block-ub-content-toggle-accordion-toggle-wrap right\" style=\"color: #000000;\"><span class=\"wp-block-ub-content-toggle-accordion-state-indicator wp-block-ub-chevron-down\"><\/span><\/div>\n\t\t<\/div>\n\t\t\t<div role=\"region\" aria-expanded=\"false\" class=\"wp-block-ub-content-toggle-accordion-content-wrap ub-hide\" id=\"ub-content-toggle-panel-8-0058b733-37ef-4824-8b5c-afe340bd0a9d\">\n\n<p>Bydd eich tiwtor dosbarth yn gwirio i sicrhau bod gennych yr offer cywir yn ystod cofrestru yn y bore. Byddant yn gallu eich helpu os ydych wedi anghofio eitemau. Os byddwch yn anghofio eich gwisg ymarfer corff bydd disgwyl i chi gymryd rhan o hyd a bydd yr athrawon Addysg Gorfforol yn rhoi benthyg cit Addysg Gorfforol i chi o&#039;u storfeydd.<\/p>\n\n<\/div>\n\t\t<\/div>\n<\/div>\n<\/div><div role=\"tabpanel\" class=\"wp-block-ub-tabbed-content-tab-content-wrap ub-hide\" id=\"ub-tabbed-content-20ec90ee-b4f5-48dc-a01b-c45cee215fcf-panel-1\" aria-labelledby=\"ub-tabbed-content-20ec90ee-b4f5-48dc-a01b-c45cee215fcf-tab-1\" tabindex=\"0\">\n<div class=\"wp-block-ub-content-toggle wp-block-ub-content-toggle-block\" id=\"ub-content-toggle-block-2912ff02-c96b-4f75-9f8f-c0034dc04b93\" data-mobilecollapse=\"false\" data-desktopcollapse=\"false\" data-preventcollapse=\"false\" data-showonlyone=\"true\">\n<div class=\"wp-block-ub-content-toggle-accordion\" style=\"border-color: #ebf7fc; \" id=\"ub-content-toggle-panel-block-\">\n\t\t\t<div class=\"wp-block-ub-content-toggle-accordion-title-wrap\" style=\"background-color: #ebf7fc;\" aria-controls=\"ub-content-toggle-panel-0-2912ff02-c96b-4f75-9f8f-c0034dc04b93\" tabindex=\"0\">\n\t\t\t<p class=\"wp-block-ub-content-toggle-accordion-title ub-content-toggle-title-2912ff02-c96b-4f75-9f8f-c0034dc04b93\" style=\"\">Ble fydda i&#039;n bwyta fy nghinio?<\/p>\n\t\t\t<div class=\"wp-block-ub-content-toggle-accordion-toggle-wrap right\" style=\"color: #000000;\"><span class=\"wp-block-ub-content-toggle-accordion-state-indicator wp-block-ub-chevron-down\"><\/span><\/div>\n\t\t<\/div>\n\t\t\t<div role=\"region\" aria-expanded=\"false\" class=\"wp-block-ub-content-toggle-accordion-content-wrap ub-hide\" id=\"ub-content-toggle-panel-0-2912ff02-c96b-4f75-9f8f-c0034dc04b93\">\n\n<p>Bydd Blwyddyn 6 yn gallu mynd i lawr am eu cinio ychydig yn gynharach yn yr ychydig wythnosau cyntaf nes i chi ddod i arfer \u00e2&#039;r system. Gallwch brynu pryd sy&#039;n cynnwys pryd poeth, pwdin a diod yn y ffreutur. Gallwch brynu baguettes a paninis a bwyd y gallwch gerdded o gwmpas ag ef o Gaffi 6. Fe welwch Gaffi chwech ar eich ochr dde wrth i chi gerdded i mewn o&#039;r brif gi\u00e2t i&#039;r iard bob bore.<\/p>\n\n<\/div>\n\t\t<\/div>\n\n<div class=\"wp-block-ub-content-toggle-accordion\" style=\"border-color: #ebf7fc; \" id=\"ub-content-toggle-panel-block-\">\n\t\t\t<div class=\"wp-block-ub-content-toggle-accordion-title-wrap\" style=\"background-color: #ebf7fc;\" aria-controls=\"ub-content-toggle-panel-1-2912ff02-c96b-4f75-9f8f-c0034dc04b93\" tabindex=\"0\">\n\t\t\t<p class=\"wp-block-ub-content-toggle-accordion-title ub-content-toggle-title-2912ff02-c96b-4f75-9f8f-c0034dc04b93\" style=\"\">Sut y byddaf yn talu am fy nghinio?<\/p>\n\t\t\t<div class=\"wp-block-ub-content-toggle-accordion-toggle-wrap right\" style=\"color: #000000;\"><span class=\"wp-block-ub-content-toggle-accordion-state-indicator wp-block-ub-chevron-down\"><\/span><\/div>\n\t\t<\/div>\n\t\t\t<div role=\"region\" aria-expanded=\"false\" class=\"wp-block-ub-content-toggle-accordion-content-wrap ub-hide\" id=\"ub-content-toggle-panel-1-2912ff02-c96b-4f75-9f8f-c0034dc04b93\">\n\n<p>Rydym yn defnyddio system olion bysedd yn Ysgol Aberconwy. Gall eich rhieni roi arian i chi ei roi yn y peiriant yn y ffreutur neu gaffi 6 a bydd yr arian yn ymddangos ar eich cyfrif. Pan fyddwch chi&#039;n dewis eich bwyd ac yn mynd i&#039;r til byddwch chi&#039;n rhoi eich bys ar y sganiwr a bydd y staff yn gallu gweld eich cyfrif. Mae hon yn system wych gan nad oes rhaid i chi boeni am golli eich arian yn yr ysgol.<\/p>\n\n<\/div>\n\t\t<\/div>\n\n<div class=\"wp-block-ub-content-toggle-accordion\" style=\"border-color: #ebf7fc; \" id=\"ub-content-toggle-panel-block-\">\n\t\t\t<div class=\"wp-block-ub-content-toggle-accordion-title-wrap\" style=\"background-color: #ebf7fc;\" aria-controls=\"ub-content-toggle-panel-2-2912ff02-c96b-4f75-9f8f-c0034dc04b93\" tabindex=\"0\">\n\t\t\t<p class=\"wp-block-ub-content-toggle-accordion-title ub-content-toggle-title-2912ff02-c96b-4f75-9f8f-c0034dc04b93\" style=\"\">A allaf dalu gydag arian parod neu siec?<\/p>\n\t\t\t<div class=\"wp-block-ub-content-toggle-accordion-toggle-wrap right\" style=\"color: #000000;\"><span class=\"wp-block-ub-content-toggle-accordion-state-indicator wp-block-ub-chevron-down\"><\/span><\/div>\n\t\t<\/div>\n\t\t\t<div role=\"region\" aria-expanded=\"false\" class=\"wp-block-ub-content-toggle-accordion-content-wrap ub-hide\" id=\"ub-content-toggle-panel-2-2912ff02-c96b-4f75-9f8f-c0034dc04b93\">\n\n<p>Gallwch ddod \u00e2 siec i&#039;r ysgol mewn amlen gyda&#039;ch enw a&#039;ch gr\u0175p dosbarth wedi&#039;i ysgrifennu ar yr amlen. Mae blwch post i&#039;r chwith o ddrws y ffreutur i chi bostio&#039;ch siec. Bydd angen postio hwn ar ddechrau&#039;r diwrnod ysgol er mwyn iddo ymddangos ar eich cyfrif erbyn amser cinio. Gallwch ddod \u00e2 symiau llai o arian parod i&#039;w talu i&#039;r peiriannau yn y ffreutur mor aml ag y dymunwch - mae hyn yn ymddangos ac yn barod i&#039;w ddefnyddio bron yn syth. Ar eich diwrnod cyntaf yn Aberconwy, byddwn yn dangos i chi ble mae hyn i gyd, a byddwn yn dangos sut i&#039;w wneud. Os ydych chi byth yn ansicr, gwiriwch gyda&#039;r staff mewn siacedi melyn sydd ar ddyletswydd yn y ffreutur.<\/p>\n\n<\/div>\n\t\t<\/div>\n\n<div class=\"wp-block-ub-content-toggle-accordion\" style=\"border-color: #ebf7fc; \" id=\"ub-content-toggle-panel-block-\">\n\t\t\t<div class=\"wp-block-ub-content-toggle-accordion-title-wrap\" style=\"background-color: #ebf7fc;\" aria-controls=\"ub-content-toggle-panel-3-2912ff02-c96b-4f75-9f8f-c0034dc04b93\" tabindex=\"0\">\n\t\t\t<p class=\"wp-block-ub-content-toggle-accordion-title ub-content-toggle-title-2912ff02-c96b-4f75-9f8f-c0034dc04b93\" style=\"\">A allaf ddod \u00e2 chinio pecyn?<\/p>\n\t\t\t<div class=\"wp-block-ub-content-toggle-accordion-toggle-wrap right\" style=\"color: #000000;\"><span class=\"wp-block-ub-content-toggle-accordion-state-indicator wp-block-ub-chevron-down\"><\/span><\/div>\n\t\t<\/div>\n\t\t\t<div role=\"region\" aria-expanded=\"false\" class=\"wp-block-ub-content-toggle-accordion-content-wrap ub-hide\" id=\"ub-content-toggle-panel-3-2912ff02-c96b-4f75-9f8f-c0034dc04b93\">\n\n<p>Gallwch, wrth gwrs, ddewis dod \u00e2 phecyn cinio. Gallwch fwyta&#039;ch pecyn cinio yn y ffreutur gyda&#039;ch ffrindiau neu gallwch ei fwyta ar y byrddau picnic y tu allan ar ddiwrnod braf. Rydym yn disgwyl i bob disgybl sicrhau bod yr iard yn cael ei chadw&#039;n daclus a bod unrhyw sbwriel yn cael ei roi yn y biniau.<\/p>\n\n<\/div>\n\t\t<\/div>\n\n<div class=\"wp-block-ub-content-toggle-accordion\" style=\"border-color: #ebf7fc; \" id=\"ub-content-toggle-panel-block-\">\n\t\t\t<div class=\"wp-block-ub-content-toggle-accordion-title-wrap\" style=\"background-color: #ebf7fc;\" aria-controls=\"ub-content-toggle-panel-4-2912ff02-c96b-4f75-9f8f-c0034dc04b93\" tabindex=\"0\">\n\t\t\t<p class=\"wp-block-ub-content-toggle-accordion-title ub-content-toggle-title-2912ff02-c96b-4f75-9f8f-c0034dc04b93\" style=\"\">Beth ddylwn i ei wneud os oes gen i alergeddau?<\/p>\n\t\t\t<div class=\"wp-block-ub-content-toggle-accordion-toggle-wrap right\" style=\"color: #000000;\"><span class=\"wp-block-ub-content-toggle-accordion-state-indicator wp-block-ub-chevron-down\"><\/span><\/div>\n\t\t<\/div>\n\t\t\t<div role=\"region\" aria-expanded=\"false\" class=\"wp-block-ub-content-toggle-accordion-content-wrap ub-hide\" id=\"ub-content-toggle-panel-4-2912ff02-c96b-4f75-9f8f-c0034dc04b93\">\n\n<p>Os oes gennych unrhyw alergeddau, bydd angen i'ch rhieni roi gwybod i ni yn y 'Llyfryn Croeso' rydym wedi gofyn iddyn nhw ei lenwi. Bydd eich alergeddau yn cael eu cofnodi ar y system olion bysedd yn y ffreutur a bydd y staff yn cael gwybod os ydych wedi dewis unrhyw beth a fyddai'n achosi niwed i chi. Efallai y bydd rheolwr y ffreutur am drafod eich anghenion dietegol gyda'ch rhieni a gellir gwneud trefniadau arbennig i sicrhau bod eich anghenion yn cael eu diwallu.<\/p>\n\n<\/div>\n\t\t<\/div>\n\n<div class=\"wp-block-ub-content-toggle-accordion\" style=\"border-color: #ebf7fc; \" id=\"ub-content-toggle-panel-block-\">\n\t\t\t<div class=\"wp-block-ub-content-toggle-accordion-title-wrap\" style=\"background-color: #ebf7fc;\" aria-controls=\"ub-content-toggle-panel-5-2912ff02-c96b-4f75-9f8f-c0034dc04b93\" tabindex=\"0\">\n\t\t\t<p class=\"wp-block-ub-content-toggle-accordion-title ub-content-toggle-title-2912ff02-c96b-4f75-9f8f-c0034dc04b93\" style=\"\">A allaf gael diod yn ystod y diwrnod ysgol?<\/p>\n\t\t\t<div class=\"wp-block-ub-content-toggle-accordion-toggle-wrap right\" style=\"color: #000000;\"><span class=\"wp-block-ub-content-toggle-accordion-state-indicator wp-block-ub-chevron-down\"><\/span><\/div>\n\t\t<\/div>\n\t\t\t<div role=\"region\" aria-expanded=\"false\" class=\"wp-block-ub-content-toggle-accordion-content-wrap ub-hide\" id=\"ub-content-toggle-panel-5-2912ff02-c96b-4f75-9f8f-c0034dc04b93\">\n\n<p>Anogir disgyblion i yfed yn ystod y diwrnod ysgol. Mae&#039;n bwysig i chi deimlo&#039;n iach ac yn effro yn ystod y diwrnod ysgol. Dylech ddod \u00e2 photel dd\u0175r gyda chi i&#039;r ysgol a gellir ei hail-lenwi yn y ffreutur. Nid ydym yn caniat\u00e1u diodydd egni yn ysgol Aberconwy gan nad ydynt yn iach i chi. Dim ond d\u0175r y gellir ei yfed yn yr ystafell ddosbarth.<\/p>\n\n<\/div>\n\t\t<\/div>\n<\/div>\n<\/div><div role=\"tabpanel\" class=\"wp-block-ub-tabbed-content-tab-content-wrap ub-hide\" id=\"ub-tabbed-content-20ec90ee-b4f5-48dc-a01b-c45cee215fcf-panel-2\" aria-labelledby=\"ub-tabbed-content-20ec90ee-b4f5-48dc-a01b-c45cee215fcf-tab-2\" tabindex=\"0\">\n<div class=\"wp-block-ub-content-toggle wp-block-ub-content-toggle-block\" id=\"ub-content-toggle-block-25c3fd17-73ef-4c22-8486-cd8725999193\" data-mobilecollapse=\"false\" data-desktopcollapse=\"false\" data-preventcollapse=\"false\" data-showonlyone=\"true\">\n<div class=\"wp-block-ub-content-toggle-accordion\" style=\"border-color: #ebf7fc; \" id=\"ub-content-toggle-panel-block-\">\n\t\t\t<div class=\"wp-block-ub-content-toggle-accordion-title-wrap\" style=\"background-color: #ebf7fc;\" aria-controls=\"ub-content-toggle-panel-0-25c3fd17-73ef-4c22-8486-cd8725999193\" tabindex=\"0\">\n\t\t\t<p class=\"wp-block-ub-content-toggle-accordion-title ub-content-toggle-title-25c3fd17-73ef-4c22-8486-cd8725999193\" style=\"\">Beth ddylwn i ei wisgo?<\/p>\n\t\t\t<div class=\"wp-block-ub-content-toggle-accordion-toggle-wrap right\" style=\"color: #000000;\"><span class=\"wp-block-ub-content-toggle-accordion-state-indicator wp-block-ub-chevron-down\"><\/span><\/div>\n\t\t<\/div>\n\t\t\t<div role=\"region\" aria-expanded=\"false\" class=\"wp-block-ub-content-toggle-accordion-content-wrap ub-hide\" id=\"ub-content-toggle-panel-0-25c3fd17-73ef-4c22-8486-cd8725999193\">\n\n<p>Mae'r wisg ysgol yn cynnwys trowsus neu sgert ddu, crys polo Aberconwy gyda lliw eich dosbarth cofrestru, crys chwys Aberconwy ac esgidiau du synhwyrol. Bydd angen i chi wirio'r <a href=\"https:\/\/www.aberconwy.conwy.sch.uk\/cy\/school-uniform\/\" data-type=\"page\" data-id=\"891\">tudalen gwisg ysgol<\/a> ar ein gwefan i wneud yn si\u0175r eich bod yn gwisgo\u2019r wisg gywir \u2013 fe welwch enghreifftiau o\u2019r hyn sy\u2019n cael ei ganiat\u00e1u a\u2019r hyn na chaniateir yma. Rhaid i esgidiau\/esgidiau hyfforddi fod yn ddu i gyd ac ni allant fod \u00e2 lliw arnynt. Mae'r ysgol yn rhedeg cynllun ailgylchu ar gyfer gwisg ysgol ac yn cadw stoc fechan o wisg ail law.<\/p>\n\n<\/div>\n\t\t<\/div>\n\n<div class=\"wp-block-ub-content-toggle-accordion\" style=\"border-color: #ebf7fc; \" id=\"ub-content-toggle-panel-block-\">\n\t\t\t<div class=\"wp-block-ub-content-toggle-accordion-title-wrap\" style=\"background-color: #ebf7fc;\" aria-controls=\"ub-content-toggle-panel-1-25c3fd17-73ef-4c22-8486-cd8725999193\" tabindex=\"0\">\n\t\t\t<p class=\"wp-block-ub-content-toggle-accordion-title ub-content-toggle-title-25c3fd17-73ef-4c22-8486-cd8725999193\" style=\"\">Beth ddylwn i ei wisgo ar gyfer AG?<\/p>\n\t\t\t<div class=\"wp-block-ub-content-toggle-accordion-toggle-wrap right\" style=\"color: #000000;\"><span class=\"wp-block-ub-content-toggle-accordion-state-indicator wp-block-ub-chevron-down\"><\/span><\/div>\n\t\t<\/div>\n\t\t\t<div role=\"region\" aria-expanded=\"false\" class=\"wp-block-ub-content-toggle-accordion-content-wrap ub-hide\" id=\"ub-content-toggle-panel-1-25c3fd17-73ef-4c22-8486-cd8725999193\">\n\n<p>Mae gan yr ysgol wisg ar gyfer AG hefyd. Gwiriwch y\u00a0<a href=\"https:\/\/www.aberconwy.conwy.sch.uk\/cy\/school-uniform\/\" data-type=\"page\" data-id=\"891\">tudalen gwisg ysgol<\/a> am restr\/lluniau o&#039;r eitemau y bydd eu hangen arnoch.<\/p>\n\n<\/div>\n\t\t<\/div>\n<\/div>\n<\/div><div role=\"tabpanel\" class=\"wp-block-ub-tabbed-content-tab-content-wrap active\" id=\"ub-tabbed-content-20ec90ee-b4f5-48dc-a01b-c45cee215fcf-panel-3\" aria-labelledby=\"ub-tabbed-content-20ec90ee-b4f5-48dc-a01b-c45cee215fcf-tab-3\" tabindex=\"0\">\n<div class=\"wp-block-ub-content-toggle wp-block-ub-content-toggle-block\" id=\"ub-content-toggle-block-c6c9f1fc-b61e-4e8f-8358-ddbd9b62ada1\" data-mobilecollapse=\"false\" data-desktopcollapse=\"false\" data-preventcollapse=\"false\" data-showonlyone=\"true\">\n<div class=\"wp-block-ub-content-toggle-accordion\" style=\"border-color: #ebf7fc; \" id=\"ub-content-toggle-panel-block-\">\n\t\t\t<div class=\"wp-block-ub-content-toggle-accordion-title-wrap\" style=\"background-color: #ebf7fc;\" aria-controls=\"ub-content-toggle-panel-0-c6c9f1fc-b61e-4e8f-8358-ddbd9b62ada1\" tabindex=\"0\">\n\t\t\t<p class=\"wp-block-ub-content-toggle-accordion-title ub-content-toggle-title-c6c9f1fc-b61e-4e8f-8358-ddbd9b62ada1\" style=\"\">At bwy y gallaf fynd os oes angen help arnaf?<\/p>\n\t\t\t<div class=\"wp-block-ub-content-toggle-accordion-toggle-wrap right\" style=\"color: #000000;\"><span class=\"wp-block-ub-content-toggle-accordion-state-indicator wp-block-ub-chevron-down\"><\/span><\/div>\n\t\t<\/div>\n\t\t\t<div role=\"region\" aria-expanded=\"false\" class=\"wp-block-ub-content-toggle-accordion-content-wrap ub-hide\" id=\"ub-content-toggle-panel-0-c6c9f1fc-b61e-4e8f-8358-ddbd9b62ada1\">\n\n<p>Gofynnwch i'ch athro pwnc os oes angen help arnoch gyda'ch gwaith. Os ydych chi'n poeni am rywbeth arall siaradwch \u00e2'ch tiwtor dosbarth, y mentor arweiniol neu'ch pennaeth blwyddyn. Gellir dod o hyd i'ch mentor arweiniol a'ch pennaeth blwyddyn yn 'Y Porth'. Mae'r ystafell hon i'w chael ar y llawr gwaelod ar ddiwedd y prif adeilad.<\/p>\n\n<\/div>\n\t\t<\/div>\n\n<div class=\"wp-block-ub-content-toggle-accordion\" style=\"border-color: #ebf7fc; \" id=\"ub-content-toggle-panel-block-\">\n\t\t\t<div class=\"wp-block-ub-content-toggle-accordion-title-wrap\" style=\"background-color: #ebf7fc;\" aria-controls=\"ub-content-toggle-panel-1-c6c9f1fc-b61e-4e8f-8358-ddbd9b62ada1\" tabindex=\"0\">\n\t\t\t<p class=\"wp-block-ub-content-toggle-accordion-title ub-content-toggle-title-c6c9f1fc-b61e-4e8f-8358-ddbd9b62ada1\" style=\"\"> Beth yw &#039;Y Porth&#039;? <\/p>\n\t\t\t<div class=\"wp-block-ub-content-toggle-accordion-toggle-wrap right\" style=\"color: #000000;\"><span class=\"wp-block-ub-content-toggle-accordion-state-indicator wp-block-ub-chevron-down\"><\/span><\/div>\n\t\t<\/div>\n\t\t\t<div role=\"region\" aria-expanded=\"false\" class=\"wp-block-ub-content-toggle-accordion-content-wrap ub-hide\" id=\"ub-content-toggle-panel-1-c6c9f1fc-b61e-4e8f-8358-ddbd9b62ada1\">\n\n<p>Dyma&#039;r ardal yn yr ysgol lle mae&#039;r holl fentoriaid canllaw wedi&#039;u lleoli. Nid yw&#039;r mentoriaid canllaw yn addysgu ac maent ar gael i&#039;ch cefnogi yn ystod y diwrnod ysgol. Maent hefyd ar gael i drafod unrhyw faterion gyda&#039;ch rhieni. Mae&#039;r mentoriaid a Phennaeth y Flwyddyn yn helpu i wneud yn si\u0175r eich bod yn setlo ac yn hapus yn yr ysgol, byddant yn monitro pethau fel eich cynnydd, eich gwisg ysgol, eich presenoldeb a byddant yn darparu cefnogaeth ychwanegol os oes ei hangen arnoch.<\/p>\n\n<\/div>\n\t\t<\/div>\n\n<div class=\"wp-block-ub-content-toggle-accordion\" style=\"border-color: #ebf7fc; \" id=\"ub-content-toggle-panel-block-\">\n\t\t\t<div class=\"wp-block-ub-content-toggle-accordion-title-wrap\" style=\"background-color: #ebf7fc;\" aria-controls=\"ub-content-toggle-panel-2-c6c9f1fc-b61e-4e8f-8358-ddbd9b62ada1\" tabindex=\"0\">\n\t\t\t<p class=\"wp-block-ub-content-toggle-accordion-title ub-content-toggle-title-c6c9f1fc-b61e-4e8f-8358-ddbd9b62ada1\" style=\"\">Beth os bydd angen cymorth dysgu ychwanegol arnaf?<\/p>\n\t\t\t<div class=\"wp-block-ub-content-toggle-accordion-toggle-wrap right\" style=\"color: #000000;\"><span class=\"wp-block-ub-content-toggle-accordion-state-indicator wp-block-ub-chevron-down\"><\/span><\/div>\n\t\t<\/div>\n\t\t\t<div role=\"region\" aria-expanded=\"false\" class=\"wp-block-ub-content-toggle-accordion-content-wrap ub-hide\" id=\"ub-content-toggle-panel-2-c6c9f1fc-b61e-4e8f-8358-ddbd9b62ada1\">\n\n<p>Mae &#039;Cynnal&#039; yn faes ysgol sy&#039;n darparu cymorth dysgu ychwanegol i ddisgyblion a allai fod angen cymorth gyda rhai agweddau ar eu haddysg. Mae&#039;r adran hon yn cael ei rhedeg gan y Cydlynydd ADY - Mrs Medwen Brookes. Bydd Mrs Medwen Brookes wedi siarad \u00e2\u2019ch athrawon Blwyddyn 6 ac wedi gwneud cynlluniau i sicrhau bod gennych chi\u2019r cymorth ychwanegol ym mlwyddyn 7 pe bai ei angen arnoch. Mae t\u00eem o gynorthwywyr dysgu yn gweithio yn &#039;Cynnal&#039; gyda Mrs Medwen Brookes a byddant yn rhai o&#039;ch gwersi i&#039;ch helpu gyda&#039;ch gwaith. Maent hefyd yn rhedeg clwb gwaith cartref.<\/p>\n\n<\/div>\n\t\t<\/div>\n\n<div class=\"wp-block-ub-content-toggle-accordion\" style=\"border-color: #ebf7fc; \" id=\"ub-content-toggle-panel-block-\">\n\t\t\t<div class=\"wp-block-ub-content-toggle-accordion-title-wrap\" style=\"background-color: #ebf7fc;\" aria-controls=\"ub-content-toggle-panel-3-c6c9f1fc-b61e-4e8f-8358-ddbd9b62ada1\" tabindex=\"0\">\n\t\t\t<p class=\"wp-block-ub-content-toggle-accordion-title ub-content-toggle-title-c6c9f1fc-b61e-4e8f-8358-ddbd9b62ada1\" style=\"\">Beth yw Pontio?<\/p>\n\t\t\t<div class=\"wp-block-ub-content-toggle-accordion-toggle-wrap right\" style=\"color: #000000;\"><span class=\"wp-block-ub-content-toggle-accordion-state-indicator wp-block-ub-chevron-down\"><\/span><\/div>\n\t\t<\/div>\n\t\t\t<div role=\"region\" aria-expanded=\"false\" class=\"wp-block-ub-content-toggle-accordion-content-wrap ub-hide\" id=\"ub-content-toggle-panel-3-c6c9f1fc-b61e-4e8f-8358-ddbd9b62ada1\">\n\n<p>Dyma ran o&#039;r ysgol sy&#039;n ymroddedig i gefnogi disgyblion ag Awtistiaeth yn Ysgol Aberconwy. Mae gennym lyfryn ar wah\u00e2n i roi rhagor o wybodaeth am Pontio i&#039;r disgyblion hynny a allai fod angen mynediad iddo.<\/p>\n\n<\/div>\n\t\t<\/div>\n<\/div>\n<\/div><\/div>\n\t\t<\/div>\n<\/div>\n\t\t<\/div>\n\n<div class=\"wp-block-ub-content-toggle-accordion\" style=\"border-color: #f1f1f1; \" id=\"ub-content-toggle-panel-block-78167c7a-1a63-4c9b-b088-8120b4f4f9ac\">\n\t\t\t<div class=\"wp-block-ub-content-toggle-accordion-title-wrap\" style=\"background-color: #f1f1f1;\" aria-controls=\"ub-content-toggle-panel-5-6d3108a9-4159-4cc7-a193-918a9e786e6d\" tabindex=\"0\">\n\t\t\t<p class=\"wp-block-ub-content-toggle-accordion-title ub-content-toggle-title-6d3108a9-4159-4cc7-a193-918a9e786e6d\" style=\"color: #000000; \">Dolenni Trosglwyddo<\/p>\n\t\t\t<div class=\"wp-block-ub-content-toggle-accordion-toggle-wrap right\" style=\"color: #000000;\"><span class=\"wp-block-ub-content-toggle-accordion-state-indicator wp-block-ub-chevron-down\"><\/span><\/div>\n\t\t<\/div>\n\t\t\t<div role=\"region\" aria-expanded=\"false\" class=\"wp-block-ub-content-toggle-accordion-content-wrap ub-hide\" id=\"ub-content-toggle-panel-5-6d3108a9-4159-4cc7-a193-918a9e786e6d\">\n\n<ul class=\"wp-block-list\">\n<li><a href=\"https:\/\/forms.cloud.microsoft\/e\/PaKWPRd0Fr\">Medi 2026 \u2013 Holiadur Croeso Blwyddyn 7 <\/a><br><\/li>\n\n\n\n<li>hwn <a href=\"https:\/\/www.bbc.co.uk\/bitesize\/groups\/c5vpkq1l934t\">Tudalen we BBC Bitesize<\/a> darparu cymorth ac arweiniad i rieni ar amrywiaeth o bynciau, gan gynnwys y testun pontio i&#039;r ysgol uwchradd. <\/li>\n<\/ul>\n\n<\/div>\n\t\t<\/div>\n<\/div>\n\n\n<p><strong>Cofiwch, os oes gennych unrhyw gwestiynau, anfonwch e-bost atom <a href=\"mailto:year6questions@aberconwy.conwy.sch.uk\">year6questions@aberconwy.conwy.sch.uk<\/a> a byddwn yn dod yn \u00f4l atoch.<\/strong><\/p>","protected":false},"excerpt":{"rendered":"<p>Welcome to Ysgol Aberconwy\u2019s Transition page specially set up for Year 6! The diagram below shows how we plan and prepare for the transition process throughout the year. Please also take a look through the information below as it contains lots of useful details about the transition process and the school: Remember, if you have [&hellip;]<\/p>\n","protected":false},"author":4,"featured_media":0,"parent":0,"menu_order":0,"comment_status":"closed","ping_status":"closed","template":"","meta":{"_acf_changed":false,"footnotes":""},"class_list":["post-3050","page","type-page","status-publish","hentry"],"acf":[],"featured_image_src":null,"_links":{"self":[{"href":"https:\/\/www.aberconwy.conwy.sch.uk\/cy\/wp-json\/wp\/v2\/pages\/3050","targetHints":{"allow":["GET"]}}],"collection":[{"href":"https:\/\/www.aberconwy.conwy.sch.uk\/cy\/wp-json\/wp\/v2\/pages"}],"about":[{"href":"https:\/\/www.aberconwy.conwy.sch.uk\/cy\/wp-json\/wp\/v2\/types\/page"}],"author":[{"embeddable":true,"href":"https:\/\/www.aberconwy.conwy.sch.uk\/cy\/wp-json\/wp\/v2\/users\/4"}],"replies":[{"embeddable":true,"href":"https:\/\/www.aberconwy.conwy.sch.uk\/cy\/wp-json\/wp\/v2\/comments?post=3050"}],"version-history":[{"count":69,"href":"https:\/\/www.aberconwy.conwy.sch.uk\/cy\/wp-json\/wp\/v2\/pages\/3050\/revisions"}],"predecessor-version":[{"id":11412,"href":"https:\/\/www.aberconwy.conwy.sch.uk\/cy\/wp-json\/wp\/v2\/pages\/3050\/revisions\/11412"}],"wp:attachment":[{"href":"https:\/\/www.aberconwy.conwy.sch.uk\/cy\/wp-json\/wp\/v2\/media?parent=3050"}],"curies":[{"name":"wp","href":"https:\/\/api.w.org\/{rel}","templated":true}]}}