{"id":1017,"date":"2021-05-10T17:16:12","date_gmt":"2021-05-10T16:16:12","guid":{"rendered":"https:\/\/aberconwy.contentcaretaker.co.uk\/?page_id=1017"},"modified":"2026-03-19T16:27:31","modified_gmt":"2026-03-19T16:27:31","slug":"sixth-form","status":"publish","type":"page","link":"https:\/\/www.aberconwy.conwy.sch.uk\/cy\/sixth-form\/","title":{"rendered":"Chweched Dosbarth"},"content":{"rendered":"<div class=\"wp-block-ub-content-toggle wp-block-ub-content-toggle-block\" id=\"ub-content-toggle-block-e99d34b6-60ad-4b04-be70-1438aef87b7f\" data-mobilecollapse=\"true\" data-desktopcollapse=\"true\" data-preventcollapse=\"false\" data-showonlyone=\"true\">\n<div class=\"wp-block-ub-content-toggle-accordion\" style=\"border-color: #f1f1f1; \" id=\"ub-content-toggle-panel-block-\">\n\t\t\t<div class=\"wp-block-ub-content-toggle-accordion-title-wrap\" style=\"background-color: #f1f1f1;\" aria-controls=\"ub-content-toggle-panel-0-e99d34b6-60ad-4b04-be70-1438aef87b7f\" tabindex=\"0\">\n\t\t\t<p class=\"wp-block-ub-content-toggle-accordion-title ub-content-toggle-title-e99d34b6-60ad-4b04-be70-1438aef87b7f\" style=\"color: #000000; \"><strong>Pam Aberconwy?<\/strong><\/p>\n\t\t\t<div class=\"wp-block-ub-content-toggle-accordion-toggle-wrap right\" style=\"color: #000000;\"><span class=\"wp-block-ub-content-toggle-accordion-state-indicator wp-block-ub-chevron-down open\"><\/span><\/div>\n\t\t<\/div>\n\t\t\t<div role=\"region\" aria-expanded=\"true\" class=\"wp-block-ub-content-toggle-accordion-content-wrap\" id=\"ub-content-toggle-panel-0-e99d34b6-60ad-4b04-be70-1438aef87b7f\">\n\n<h2 class=\"wp-block-heading\">Pam Aberconwy?<\/h2>\n\n\n\n<p>Rydym yn cynnig safon dda iawn o addysgu ar lefel chweched dosbarth dros ystod eang o bynciau. Mae maint grwpiau yn tueddu i fod yn gymharol fach, gan roi mwy o gyfle i sylw unigol. Mae gennym hefyd y fantais fawr o adnabod llawer o&#039;n myfyrwyr ar ddechrau cyrsiau, ac felly rydym yn ymwybodol o&#039;u cryfderau, meysydd i&#039;w datblygu ac anghenion unigol.<\/p>\n\n\n\n<h2 class=\"wp-block-heading\">Llwyddiant<\/h2>\n\n\n\n<p>Rydym yn falch iawn o gyflawniadau ein myfyrwyr, sy&#039;n deillio o&#039;u hymrwymiad personol ynghyd \u00e2&#039;r amgylchedd dysgu cyfoethog a&#039;r ysbryd cymunedol cryf yma yn Ysgol Aberconwy.<\/p>\n\n\n\n<p>Yn ogystal \u00e2 llwyddiant ysgubol mewn cyflogaeth a phrentisiaethau, mae llawer o'n myfyrwyr yn symud ymlaen i astudio ar lefel gradd. Yn ddiweddar, bu myfyrwyr yn llwyddiannus wrth gychwyn cyrsiau gradd mewn pynciau fel: Meddygaeth, Dylunio Cychod Hwylio a Chychod Pwer, y Gyfraith, Mathemateg a Chyfrifiadureg mewn prifysgolion fel Manceinion, Lerpwl, Warwick, Queen Mary of London a Birmingham.<\/p>\n\n\n\n<p>Mae ein llwyddiannau Chweched Dosbarth yn mynd ymhell y tu hwnt i gyflawniad academaidd. Cydnabyddir bod ein perfformiadau drama a cherddorol niferus o'r safon uchaf. Mae ein myfyrwyr \u00f4l-16 hefyd yn chwarae rhan fawr yn y llwyddiant a geir mewn digwyddiadau chwaraeon ac yn y gweithgareddau cymunedol a gynhelir yn rheolaidd.<\/p>\n\n<\/div>\n\t\t<\/div>\n\n<div class=\"wp-block-ub-content-toggle-accordion\" style=\"border-color: #f1f1f1; \" id=\"ub-content-toggle-panel-block-\">\n\t\t\t<div class=\"wp-block-ub-content-toggle-accordion-title-wrap\" style=\"background-color: #f1f1f1;\" aria-controls=\"ub-content-toggle-panel-1-e99d34b6-60ad-4b04-be70-1438aef87b7f\" tabindex=\"0\">\n\t\t\t<p class=\"wp-block-ub-content-toggle-accordion-title ub-content-toggle-title-e99d34b6-60ad-4b04-be70-1438aef87b7f\" style=\"color: #000000; \"><strong>Cyfleoedd<\/strong><\/p>\n\t\t\t<div class=\"wp-block-ub-content-toggle-accordion-toggle-wrap right\" style=\"color: #000000;\"><span class=\"wp-block-ub-content-toggle-accordion-state-indicator wp-block-ub-chevron-down\"><\/span><\/div>\n\t\t<\/div>\n\t\t\t<div role=\"region\" aria-expanded=\"false\" class=\"wp-block-ub-content-toggle-accordion-content-wrap ub-hide\" id=\"ub-content-toggle-panel-1-e99d34b6-60ad-4b04-be70-1438aef87b7f\">\n\n<p><strong>Cyfleoedd<\/strong><\/p>\n\n\n\n<p>\u00a0Rydym yn ymwybodol o natur gystadleuol iawn y gweithle heddiw a mynediad i addysg uwch yn ogystal \u00e2'r awydd am gyflawniad personol. Yn Ysgol Aberconwy rydym yn darparu ystod eang o gyfleoedd gwerth chweil i fyfyrwyr y Chweched Dosbarth ar gyfer twf personol a datblygiad academaidd y tu hwnt i'r astudiaeth academaidd y bydd ei hangen arnynt ar gyfer eu curriculum vitae pan fyddant yn gadael yr ysgol.<\/p>\n\n\n\n<h4 class=\"wp-block-heading\">Teithio<\/h4>\n\n\n\n<p>Rydym yn cynnal teithiau ac alldeithiau rheolaidd. O Daith Sg\u00efo flynyddol ym mis Chwefror i ymweliadau addysgol trwy gydol y flwyddyn, byddwn bob amser yn ymdrechu i ddarparu'r cyfleoedd gorau posibl i fyfyrwyr ddatblygu a dysgu y tu allan i amgylchedd yr ystafell ddosbarth. Rydym hefyd yn trefnu ymweliadau \u00e2 Phrifysgolion a sefydliadau addysg uwch i fyfyrwyr yn ystod eu hamser yn y Chweched Dosbarth.<\/p>\n\n\n\n<h4 class=\"wp-block-heading\">Chwaraeon<\/h4>\n\n\n\n<p>Rhoddir cyfle i fyfyrwyr gymryd rhan lawn yn rhaglen chwaraeon yr ysgol yn ogystal \u00e2 chael cyfle i ddatblygu eu profiad chwaraeon a&#039;u cyfrifoldebau trwy ddilyn y cwrs Arweinyddiaeth Chwaraeon.<\/p>\n\n\n\n<h4 class=\"wp-block-heading\">Adeiladu T\u00eem<\/h4>\n\n\n\n<p>Mae myfyrwyr yn cymryd rhan mewn nifer o ddiwrnodau adeiladu t\u00eem pleserus iawn gan weithio gyda staff ysgolion ac asiantaethau allanol. Mae yna hefyd amrywiaeth eang o weithgareddau cymdeithasol ynghyd \u00e2'r cyfle i weithio gyda myfyrwyr iau fel mentoriaid cymheiriaid a thrwy'r system 'bydi'.<\/p>\n\n\n\n<h4 class=\"wp-block-heading\">Cyfrifoldeb Personol<\/h4>\n\n\n\n<p>Rydym yn annog ein holl fyfyrwyr i gymryd cyfrifoldeb am eu dysgu eu hunain ac i fynd ati i reoli eu cyfraniad at fywyd yr ysgol. Disgwyliwn i&#039;n myfyrwyr fod yn bresennol bob dydd am y diwrnod llawn ac rydym yn darparu&#039;r holl gyfleusterau sydd eu hangen arnynt i gefnogi hyn. Credwn fod yr astudiaeth reoledig hon yn ffactor allweddol yn llwyddiant myfyrwyr yng Nghyfnod Allweddol 5.<\/p>\n\n\n\n<h4 class=\"wp-block-heading\">Perfformiad<\/h4>\n\n\n\n<p>Mae cynyrchiadau cerddorol a drama o ansawdd uchel rheolaidd ynghyd \u00e2 dewis llawn o weithgareddau a chymdeithasau allgyrsiol yn rhan o'r rhaglen weithgareddau yn Chweched Dosbarth Aberconwy. Rydym hefyd yn anfon timau drwodd i gystadlaethau dadlau lleol a chenedlaethol yn rheolaidd lle rydym wedi cael cryn lwyddiant.<\/p>\n\n\n\n<h4 class=\"wp-block-heading\">Rolau<\/h4>\n\n\n\n<p>Rydym yn cynnig llawer o gyfleoedd i'n myfyrwyr ymgymryd \u00e2 r\u00f4l ychwanegol y tu allan i'w hastudiaethau academaidd. Gall hyn fod fel swyddog, uwch swyddog neu o fewn pwnc fel cynorthwyydd dosbarth. Yn flynyddol rydym yn penodi t\u00eem newydd o fyfyrwyr i'r t\u00eem rheoli ac mae gan bob Gr\u0175p Dosbarth gynrychiolydd ar gyngor y Chweched Dosbarth.<\/p>\n\n<\/div>\n\t\t<\/div>\n\n<div class=\"wp-block-ub-content-toggle-accordion\" style=\"border-color: #f1f1f1; \" id=\"ub-content-toggle-panel-block-\">\n\t\t\t<div class=\"wp-block-ub-content-toggle-accordion-title-wrap\" style=\"background-color: #f1f1f1;\" aria-controls=\"ub-content-toggle-panel-2-e99d34b6-60ad-4b04-be70-1438aef87b7f\" tabindex=\"0\">\n\t\t\t<p class=\"wp-block-ub-content-toggle-accordion-title ub-content-toggle-title-e99d34b6-60ad-4b04-be70-1438aef87b7f\" style=\"color: #000000; \"><strong>Cefnogaeth<\/strong><\/p>\n\t\t\t<div class=\"wp-block-ub-content-toggle-accordion-toggle-wrap right\" style=\"color: #000000;\"><span class=\"wp-block-ub-content-toggle-accordion-state-indicator wp-block-ub-chevron-down\"><\/span><\/div>\n\t\t<\/div>\n\t\t\t<div role=\"region\" aria-expanded=\"false\" class=\"wp-block-ub-content-toggle-accordion-content-wrap ub-hide\" id=\"ub-content-toggle-panel-2-e99d34b6-60ad-4b04-be70-1438aef87b7f\">\n\n<h2 class=\"wp-block-heading\">Cefnogaeth yn y Chweched Dosbarth<\/h2>\n\n\n\n<p>\u00a0Cefnogir myfyrwyr yn llawn o&#039;r eiliad y maent yn gwneud cais i&#039;r Chweched Dosbarth a thrwy gydol eu hamser gyda ni.<\/p>\n\n\n\n<p>Rydym yn cynnig:<\/p>\n\n\n\n<ul class=\"wp-block-list\">\n<li>tiwtor profiadol ac ymroddedig i bob myfyriwr<\/li>\n\n\n\n<li>cefnogaeth i bob myfyriwr trwy&#039;r rhaglen diwtorial a sesiynau cymorth unigol gyda&#039;u tiwtor<\/li>\n\n\n\n<li>Mentor Arweiniol pwrpasol sydd bob amser ar gael ar gyfer cysylltu a myfyrwyr a rhieni<\/li>\n\n\n\n<li>cefnogaeth pwnc unigol gan athrawon pwnc profiadol<\/li>\n\n\n\n<li>mynediad i amgylcheddau dysgu rhithwir gyda dysgu rhyngweithiol<\/li>\n\n\n\n<li>cefnogaeth adolygu lawn yn arwain at arholiadau allanol<\/li>\n\n\n\n<li>mynediad i ardal astudio breifat ynghyd \u00e2 chyfleusterau TGCh<\/li>\n\n\n\n<li>mynediad i ganolfan adnoddau o safon uchel<\/li>\n\n\n\n<li>monitro rhagweithiol a thrylwyr o bresenoldeb a gwaith myfyrwyr<\/li>\n\n\n\n<li>adroddiad ar gynnydd myfyrwyr bob hanner tymor ynghyd \u00e2 Noson Rieni ac adroddiad blynyddol llawn<\/li>\n\n\n\n<li>cymorth a chyngor manwl ar ddewis cwrs trwy broses gyfweld gyda&#039;r holl ymgeiswyr<\/li>\n\n\n\n<li>arweiniad addysg uwch a gyrfaoedd cryf<\/li>\n\n\n\n<li>cymorth unigol gyda chwblhau ceisiadau UCAS<\/li>\n\n\n\n<li>cymorth gydag LCA, benthyciad myfyriwr a cheisiadau grant<\/li>\n\n\n\n<li>mynediad i lawer o asiantaethau allanol gan gynnwys cwnsela mewn ysgolion a gwasanaethau nyrsio mewn ysgolion<\/li>\n\n\n\n<li>cymorth ac arweiniad unigol gyda cheisiadau am gyflogaeth \/ prentisiaethau<\/li>\n\n\n\n<li>cyngor a chefnogaeth fanwl ar ddiwrnodau canlyniadau arholiadau ac ar \u00f4l hynny ar gyfer cyrsiau TGAU, UG ac A2<\/li>\n<\/ul>\n\n<\/div>\n\t\t<\/div>\n\n<div class=\"wp-block-ub-content-toggle-accordion\" style=\"border-color: #f1f1f1; \" id=\"ub-content-toggle-panel-block-\">\n\t\t\t<div class=\"wp-block-ub-content-toggle-accordion-title-wrap\" style=\"background-color: #f1f1f1;\" aria-controls=\"ub-content-toggle-panel-3-e99d34b6-60ad-4b04-be70-1438aef87b7f\" tabindex=\"0\">\n\t\t\t<p class=\"wp-block-ub-content-toggle-accordion-title ub-content-toggle-title-e99d34b6-60ad-4b04-be70-1438aef87b7f\" style=\"color: #000000; \"><strong>Cyfleusterau<\/strong><\/p>\n\t\t\t<div class=\"wp-block-ub-content-toggle-accordion-toggle-wrap right\" style=\"color: #000000;\"><span class=\"wp-block-ub-content-toggle-accordion-state-indicator wp-block-ub-chevron-down\"><\/span><\/div>\n\t\t<\/div>\n\t\t\t<div role=\"region\" aria-expanded=\"false\" class=\"wp-block-ub-content-toggle-accordion-content-wrap ub-hide\" id=\"ub-content-toggle-panel-3-e99d34b6-60ad-4b04-be70-1438aef87b7f\">\n\n<h2 class=\"wp-block-heading\">Cyfleusterau<\/h2>\n\n\n\n<p>Yn ein lleoliad hyfryd wrth ymyl aber Conwy rydym yn mwynhau cyfleusterau o&#039;r radd flaenaf gan gynnwys:<\/p>\n\n\n\n<ul class=\"wp-block-list\">\n<li>canolfan chwaraeon lawn gyda neuadd chwaraeon fawr<\/li>\n\n\n\n<li>cyfleusterau arbenigol ar gyfer drama a cherddoriaeth gan gynnwys stiwdios ac ystafelloedd ymarfer<\/li>\n\n\n\n<li>cyfleusterau TGCh llawn ym mhob maes pwnc<\/li>\n\n\n\n<li>ystafell astudio wedi&#039;i staffio&#039;n llawn ar gyfer y Chweched Dosbarth gyda chyfleusterau TGCh llawn<\/li>\n\n\n\n<li>ystafell gyffredin wedi&#039;i hadnewyddu ar gyfer myfyrwyr y Chweched Dosbarth<\/li>\n<\/ul>\n\n\n\n<p>Mae'r adeilad ysgol cyfan yn fodern, yn olau ac wedi'i gyfarparu'n dda gyda chyfleusterau TGCh rhagorol drwyddo draw; gan gynnwys byrddau gwyn rhyngweithiol yn y mwyafrif o ystafelloedd dosbarth ac argaeledd helaeth gliniaduron system ddi- wifr.<\/p>\n\n<\/div>\n\t\t<\/div>\n\n<div class=\"wp-block-ub-content-toggle-accordion\" style=\"border-color: #f1f1f1; \" id=\"ub-content-toggle-panel-block-\">\n\t\t\t<div class=\"wp-block-ub-content-toggle-accordion-title-wrap\" style=\"background-color: #f1f1f1;\" aria-controls=\"ub-content-toggle-panel-4-e99d34b6-60ad-4b04-be70-1438aef87b7f\" tabindex=\"0\">\n\t\t\t<p class=\"wp-block-ub-content-toggle-accordion-title ub-content-toggle-title-e99d34b6-60ad-4b04-be70-1438aef87b7f\" style=\"color: #000000; \"><strong>Opsiynau Cwrs<\/strong><\/p>\n\t\t\t<div class=\"wp-block-ub-content-toggle-accordion-toggle-wrap right\" style=\"color: #000000;\"><span class=\"wp-block-ub-content-toggle-accordion-state-indicator wp-block-ub-chevron-down\"><\/span><\/div>\n\t\t<\/div>\n\t\t\t<div role=\"region\" aria-expanded=\"false\" class=\"wp-block-ub-content-toggle-accordion-content-wrap ub-hide\" id=\"ub-content-toggle-panel-4-e99d34b6-60ad-4b04-be70-1438aef87b7f\">\n\n<p>I weld yr ystod eang o gyrsiau sydd ar gael, bwrwch olwg ar Brosbectws Chweched Dosbarth Ysgol Aberconwy a Llyfryn Cyrsiau LINC Conwy gan ddefnyddio'r dolenni isod:<\/p>\n\n\n\n<div class=\"wp-block-buttons is-content-justification-center is-layout-flex wp-container-core-buttons-is-layout-16018d1d wp-block-buttons-is-layout-flex\">\n<div class=\"wp-block-button has-custom-width wp-block-button__width-75\"><a class=\"wp-block-button__link has-white-color has-dark-blue-background-color has-text-color has-background has-link-color wp-element-button\" href=\"https:\/\/publuu.com\/flip-book\/651952\/2278333\">Prosbectws Chweched Dosbarth Ysgol Aberconwy 2026 <\/a><\/div>\n<\/div>\n\n\n\n<p><a href=\"https:\/\/www.aberconwy.conwy.sch.uk\/wp-content\/uploads\/2025\/12\/Sixth-Form-Options-booklet-2026.pdf\" data-type=\"attachment\" data-id=\"10568\">Defnyddiwch y ddolen hon i weld fersiwn PDF o&#039;r llyfryn.<\/a><\/p>\n\n\n\n<p>Noder na fydd llyfryn Cwrs Linc 2026-27, gyda&#039;r rhestr wedi&#039;i chadarnhau o gyrsiau, ar gael tan fis Ionawr 2026. Cyn gynted ag y caiff ei gyhoeddi, byddwn yn diweddaru&#039;r ddolen i&#039;r llyfryn isod.<\/p>\n\n\n\n<div class=\"wp-block-buttons is-content-justification-center is-layout-flex wp-container-core-buttons-is-layout-16018d1d wp-block-buttons-is-layout-flex\">\n<div class=\"wp-block-button has-custom-width wp-block-button__width-75\"><a class=\"wp-block-button__link has-white-color has-moderate-green-background-color has-text-color has-background has-link-color wp-element-button\" href=\"https:\/\/www.conwy.gov.uk\/en\/Resident\/Education-and-Families\/Assets\/documents\/LINC\/LINC-Conwy-Prospectus-2026-27.pdf\">Llyfryn Cyrsiau LINC Conwy 2026 \u2013 2027<\/a><\/div>\n<\/div>\n\n<\/div>\n\t\t<\/div>\n\n<div class=\"wp-block-ub-content-toggle-accordion\" style=\"border-color: #f1f1f1; \" id=\"ub-content-toggle-panel-block-\">\n\t\t\t<div class=\"wp-block-ub-content-toggle-accordion-title-wrap\" style=\"background-color: #f1f1f1;\" aria-controls=\"ub-content-toggle-panel-5-e99d34b6-60ad-4b04-be70-1438aef87b7f\" tabindex=\"0\">\n\t\t\t<p class=\"wp-block-ub-content-toggle-accordion-title ub-content-toggle-title-e99d34b6-60ad-4b04-be70-1438aef87b7f\" style=\"color: #000000; \"><strong>Y Broses Ymgeisio<\/strong><\/p>\n\t\t\t<div class=\"wp-block-ub-content-toggle-accordion-toggle-wrap right\" style=\"color: #000000;\"><span class=\"wp-block-ub-content-toggle-accordion-state-indicator wp-block-ub-chevron-down\"><\/span><\/div>\n\t\t<\/div>\n\t\t\t<div role=\"region\" aria-expanded=\"false\" class=\"wp-block-ub-content-toggle-accordion-content-wrap ub-hide\" id=\"ub-content-toggle-panel-5-e99d34b6-60ad-4b04-be70-1438aef87b7f\">\n\n<p>Unwaith y byddwch wedi dewis y cyrsiau yr hoffech eu hastudio o'r llyfrynnau, cofnodwch eich diddordeb drwy ddefnyddio'r ffurflen ar-lein hon: <br>(Noder, dim ond cyflwyniadau o 9 Rhagfyr tan 2 Mawrth 2026 y mae&#039;r ffurflen hon yn eu derbyn)<\/p>\n\n\n\n<div class=\"wp-block-buttons is-content-justification-center is-layout-flex wp-container-core-buttons-is-layout-16018d1d wp-block-buttons-is-layout-flex\">\n<div class=\"wp-block-button\"><a class=\"wp-block-button__link has-white-color has-strong-red-background-color has-text-color has-background has-link-color wp-element-button\" href=\"https:\/\/forms.cloud.microsoft\/Pages\/ResponsePage.aspx?id=7WtGeeYKJEe8B1gF3CgWlCDWX2d481FEskxHLh8-sJ9UNk43N0kwM0w5MlNCMzhLN1RHUkUyUFVSRy4u\">Ffurflen Gais Chweched Dosbarth 2026<\/a><\/div>\n<\/div>\n\n\n\n<p>Efallai eich bod yn pendroni beth sy&#039;n digwydd nesaf, am fwy o wybodaeth am y broses ymgeisio edrychwch ar y wybodaeth isod:<\/p>\n\n\n\n<figure class=\"wp-block-image size-large\"><img loading=\"lazy\" decoding=\"async\" width=\"1024\" height=\"768\" src=\"https:\/\/www.aberconwy.conwy.sch.uk\/wp-content\/uploads\/2024\/12\/SIXTH-FORM-STUDENT-APPLICATION-PROCESS-2025-CYMRAEG.png\" alt=\"\" class=\"wp-image-8822\" srcset=\"https:\/\/www.aberconwy.conwy.sch.uk\/wp-content\/uploads\/2024\/12\/SIXTH-FORM-STUDENT-APPLICATION-PROCESS-2025-CYMRAEG.png 2432w, https:\/\/www.aberconwy.conwy.sch.uk\/wp-content\/uploads\/2024\/12\/SIXTH-FORM-STUDENT-APPLICATION-PROCESS-2025-CYMRAEG-300x225.png 300w, https:\/\/www.aberconwy.conwy.sch.uk\/wp-content\/uploads\/2024\/12\/SIXTH-FORM-STUDENT-APPLICATION-PROCESS-2025-CYMRAEG-1024x768.png 1024w, https:\/\/www.aberconwy.conwy.sch.uk\/wp-content\/uploads\/2024\/12\/SIXTH-FORM-STUDENT-APPLICATION-PROCESS-2025-CYMRAEG-768x576.png 768w, https:\/\/www.aberconwy.conwy.sch.uk\/wp-content\/uploads\/2024\/12\/SIXTH-FORM-STUDENT-APPLICATION-PROCESS-2025-CYMRAEG-1536x1152.png 1536w, https:\/\/www.aberconwy.conwy.sch.uk\/wp-content\/uploads\/2024\/12\/SIXTH-FORM-STUDENT-APPLICATION-PROCESS-2025-CYMRAEG-2048x1536.png 2048w, https:\/\/www.aberconwy.conwy.sch.uk\/wp-content\/uploads\/2024\/12\/SIXTH-FORM-STUDENT-APPLICATION-PROCESS-2025-CYMRAEG-16x12.png 16w\" sizes=\"auto, (max-width: 1024px) 100vw, 1024px\" \/><\/figure>\n\n\n\n<p>Mae amserlen, sy\u2019n seiliedig ar y wybodaeth uchod, wedi\u2019i nodi isod i roi rhagor o fanylion i chi, fel bod yr holl randdeiliaid yn glir ynghylch y broses a\u2019r disgwyliadau. Fe welwch fod yna wahanol bwyntiau yn y broses lle\u2019r ydym yn bwriadu cynnig trafodaethau un i un gydag athrawon pwnc, tiwtoriaid dosbarth a staff sy\u2019n ymwneud \u00e2\u2019r broses.<\/p>\n\n\n\n<figure class=\"wp-block-table\"><table><thead><tr><th class=\"has-text-align-center\" data-align=\"center\">Rhag<br>2025<\/th><th class=\"has-text-align-center\" data-align=\"center\">9fed Rhagfyr<br>2025<\/th><th class=\"has-text-align-center\" data-align=\"center\">28 Ionawr 2026<\/th><th class=\"has-text-align-center\" data-align=\"center\">Ion \u2013 Mawrth 26<\/th><th class=\"has-text-align-center\" data-align=\"center\">2il Mawrth<br>2026<\/th><th class=\"has-text-align-center\" data-align=\"center\">Awst <br>2026<\/th><th class=\"has-text-align-center\" data-align=\"center\">Medi<br>2026<\/th><\/tr><\/thead><tbody><tr><td class=\"has-text-align-center\" data-align=\"center\">Bydd y prosbectysau newydd yn cael eu hychwanegu at y wefan<\/td><td class=\"has-text-align-center\" data-align=\"center\">Noson Agored Chweched Dosbarth i rieni a myfyrwyr <\/td><td class=\"has-text-align-center\" data-align=\"center\">Digwyddiad Gwybodaeth Cwrs Linc yn Venue Cymru<\/td><td class=\"has-text-align-center\" data-align=\"center\">Cyfweliad cyrchfan unigolion gyda holl fyfyrwyr blwyddyn 11<\/td><td class=\"has-text-align-center\" data-align=\"center\">Dyddiad cau ar gyfer dewisiadau<\/td><td class=\"has-text-align-center\" data-align=\"center\">Cynnig terfynol wedi&#039;i wneud ac mae angen derbyniad myfyrwyr<\/td><td class=\"has-text-align-center\" data-align=\"center\">Cyfweliadau ar gyfer ymgeiswyr sydd angen newidiadau neu gefnogaeth bellach\u00a0\u00a0<\/td><\/tr><\/tbody><\/table><\/figure>\n\n<\/div>\n\t\t<\/div>\n\n<div class=\"wp-block-ub-content-toggle-accordion\" style=\"border-color: #f1f1f1; \" id=\"ub-content-toggle-panel-block-\">\n\t\t\t<div class=\"wp-block-ub-content-toggle-accordion-title-wrap\" style=\"background-color: #f1f1f1;\" aria-controls=\"ub-content-toggle-panel-6-e99d34b6-60ad-4b04-be70-1438aef87b7f\" tabindex=\"0\">\n\t\t\t<p class=\"wp-block-ub-content-toggle-accordion-title ub-content-toggle-title-e99d34b6-60ad-4b04-be70-1438aef87b7f\" style=\"color: #000000; \"><strong>Tystebau<\/strong><\/p>\n\t\t\t<div class=\"wp-block-ub-content-toggle-accordion-toggle-wrap right\" style=\"color: #000000;\"><span class=\"wp-block-ub-content-toggle-accordion-state-indicator wp-block-ub-chevron-down\"><\/span><\/div>\n\t\t<\/div>\n\t\t\t<div role=\"region\" aria-expanded=\"false\" class=\"wp-block-ub-content-toggle-accordion-content-wrap ub-hide\" id=\"ub-content-toggle-panel-6-e99d34b6-60ad-4b04-be70-1438aef87b7f\">\n\n<figure class=\"wp-block-gallery has-nested-images columns-default is-cropped wp-block-gallery-1 is-layout-flex wp-block-gallery-is-layout-flex\">\n<figure class=\"wp-block-image size-large\"><a href=\"https:\/\/vimeo.com\/906502472?share=copy\"><img loading=\"lazy\" decoding=\"async\" width=\"523\" height=\"306\" data-id=\"7524\" src=\"https:\/\/www.aberconwy.conwy.sch.uk\/wp-content\/uploads\/2024\/01\/Bethan.png\" alt=\"\" class=\"wp-image-7524\" srcset=\"https:\/\/www.aberconwy.conwy.sch.uk\/wp-content\/uploads\/2024\/01\/Bethan.png 523w, https:\/\/www.aberconwy.conwy.sch.uk\/wp-content\/uploads\/2024\/01\/Bethan-300x176.png 300w, https:\/\/www.aberconwy.conwy.sch.uk\/wp-content\/uploads\/2024\/01\/Bethan-18x12.png 18w\" sizes=\"auto, (max-width: 523px) 100vw, 523px\" \/><\/a><\/figure>\n\n\n\n<figure class=\"wp-block-image size-large\"><a href=\"https:\/\/vimeo.com\/906823194?share=copy\"><img loading=\"lazy\" decoding=\"async\" width=\"550\" height=\"317\" data-id=\"7526\" src=\"https:\/\/www.aberconwy.conwy.sch.uk\/wp-content\/uploads\/2024\/01\/Lisa-Drinkwater.png\" alt=\"\" class=\"wp-image-7526\" srcset=\"https:\/\/www.aberconwy.conwy.sch.uk\/wp-content\/uploads\/2024\/01\/Lisa-Drinkwater.png 550w, https:\/\/www.aberconwy.conwy.sch.uk\/wp-content\/uploads\/2024\/01\/Lisa-Drinkwater-300x173.png 300w, https:\/\/www.aberconwy.conwy.sch.uk\/wp-content\/uploads\/2024\/01\/Lisa-Drinkwater-18x10.png 18w\" sizes=\"auto, (max-width: 550px) 100vw, 550px\" \/><\/a><\/figure>\n\n\n\n<figure class=\"wp-block-image size-large\"><a href=\"https:\/\/vimeo.com\/906828102?share=copy\"><img loading=\"lazy\" decoding=\"async\" width=\"538\" height=\"332\" data-id=\"7528\" src=\"https:\/\/www.aberconwy.conwy.sch.uk\/wp-content\/uploads\/2024\/01\/Geneva-Henson.png\" alt=\"\" class=\"wp-image-7528\" srcset=\"https:\/\/www.aberconwy.conwy.sch.uk\/wp-content\/uploads\/2024\/01\/Geneva-Henson.png 538w, https:\/\/www.aberconwy.conwy.sch.uk\/wp-content\/uploads\/2024\/01\/Geneva-Henson-300x185.png 300w, https:\/\/www.aberconwy.conwy.sch.uk\/wp-content\/uploads\/2024\/01\/Geneva-Henson-18x12.png 18w\" sizes=\"auto, (max-width: 538px) 100vw, 538px\" \/><\/a><\/figure>\n\n\n\n<figure class=\"wp-block-image size-large\"><a href=\"https:\/\/vimeo.com\/907587722?share=copy\"><img loading=\"lazy\" decoding=\"async\" width=\"505\" height=\"293\" data-id=\"7523\" src=\"https:\/\/www.aberconwy.conwy.sch.uk\/wp-content\/uploads\/2024\/01\/Stephen-Tull.png\" alt=\"\" class=\"wp-image-7523\" srcset=\"https:\/\/www.aberconwy.conwy.sch.uk\/wp-content\/uploads\/2024\/01\/Stephen-Tull.png 505w, https:\/\/www.aberconwy.conwy.sch.uk\/wp-content\/uploads\/2024\/01\/Stephen-Tull-300x174.png 300w, https:\/\/www.aberconwy.conwy.sch.uk\/wp-content\/uploads\/2024\/01\/Stephen-Tull-18x10.png 18w\" sizes=\"auto, (max-width: 505px) 100vw, 505px\" \/><\/a><\/figure>\n\n\n\n<figure class=\"wp-block-image size-large\"><a href=\"https:\/\/vimeo.com\/905347220?share=copy\"><img loading=\"lazy\" decoding=\"async\" width=\"550\" height=\"317\" data-id=\"7527\" src=\"https:\/\/www.aberconwy.conwy.sch.uk\/wp-content\/uploads\/2024\/01\/Chloe-Ellison.png\" alt=\"\" class=\"wp-image-7527\" srcset=\"https:\/\/www.aberconwy.conwy.sch.uk\/wp-content\/uploads\/2024\/01\/Chloe-Ellison.png 550w, https:\/\/www.aberconwy.conwy.sch.uk\/wp-content\/uploads\/2024\/01\/Chloe-Ellison-300x173.png 300w, https:\/\/www.aberconwy.conwy.sch.uk\/wp-content\/uploads\/2024\/01\/Chloe-Ellison-18x10.png 18w\" sizes=\"auto, (max-width: 550px) 100vw, 550px\" \/><\/a><\/figure>\n\n\n\n<figure class=\"wp-block-image size-large\"><a href=\"https:\/\/vimeo.com\/905346956?share=copy\"><img loading=\"lazy\" decoding=\"async\" width=\"539\" height=\"317\" data-id=\"7525\" src=\"https:\/\/www.aberconwy.conwy.sch.uk\/wp-content\/uploads\/2024\/01\/Sophie-Roberts.png\" alt=\"\" class=\"wp-image-7525\" srcset=\"https:\/\/www.aberconwy.conwy.sch.uk\/wp-content\/uploads\/2024\/01\/Sophie-Roberts.png 539w, https:\/\/www.aberconwy.conwy.sch.uk\/wp-content\/uploads\/2024\/01\/Sophie-Roberts-300x176.png 300w, https:\/\/www.aberconwy.conwy.sch.uk\/wp-content\/uploads\/2024\/01\/Sophie-Roberts-18x12.png 18w\" sizes=\"auto, (max-width: 539px) 100vw, 539px\" \/><\/a><\/figure>\n<\/figure>\n\n<\/div>\n\t\t<\/div>\n\n<div class=\"wp-block-ub-content-toggle-accordion\" style=\"border-color: #f1f1f1; \" id=\"ub-content-toggle-panel-block-\">\n\t\t\t<div class=\"wp-block-ub-content-toggle-accordion-title-wrap\" style=\"background-color: #f1f1f1;\" aria-controls=\"ub-content-toggle-panel-7-e99d34b6-60ad-4b04-be70-1438aef87b7f\" tabindex=\"0\">\n\t\t\t<p class=\"wp-block-ub-content-toggle-accordion-title ub-content-toggle-title-e99d34b6-60ad-4b04-be70-1438aef87b7f\" style=\"color: #000000; \"><strong>Gwybodaeth am Gyllid Myfyrwyr<\/strong><\/p>\n\t\t\t<div class=\"wp-block-ub-content-toggle-accordion-toggle-wrap right\" style=\"color: #000000;\"><span class=\"wp-block-ub-content-toggle-accordion-state-indicator wp-block-ub-chevron-down\"><\/span><\/div>\n\t\t<\/div>\n\t\t\t<div role=\"region\" aria-expanded=\"false\" class=\"wp-block-ub-content-toggle-accordion-content-wrap ub-hide\" id=\"ub-content-toggle-panel-7-e99d34b6-60ad-4b04-be70-1438aef87b7f\">\n\n<div data-wp-interactive=\"core\/file\" class=\"wp-block-file\"><object data-wp-bind--hidden=\"!state.hasPdfPreview\" hidden class=\"wp-block-file__embed\" data=\"https:\/\/www.aberconwy.conwy.sch.uk\/wp-content\/uploads\/2026\/03\/26-27-Student-Finance-Information.pdf\" type=\"application\/pdf\" style=\"width:100%;height:600px\" aria-label=\"Mewnblaniad 26-27 Student Finance Information.\"><\/object><a id=\"wp-block-file--media-05564012-30bc-4ff8-bb25-d84cffd1833d\" href=\"https:\/\/www.aberconwy.conwy.sch.uk\/wp-content\/uploads\/2026\/03\/26-27-Student-Finance-Information.pdf\" target=\"_blank\" rel=\"noreferrer noopener\">Gwybodaeth am Gyllid Myfyrwyr 26-27<\/a><a href=\"https:\/\/www.aberconwy.conwy.sch.uk\/wp-content\/uploads\/2026\/03\/26-27-Student-Finance-Information.pdf\" class=\"wp-block-file__button wp-element-button\" download aria-describedby=\"wp-block-file--media-05564012-30bc-4ff8-bb25-d84cffd1833d\">Dadlwythwch<\/a><\/div>\n\n<\/div>\n\t\t<\/div>\n<\/div>","protected":false},"excerpt":{"rendered":"","protected":false},"author":4,"featured_media":0,"parent":0,"menu_order":0,"comment_status":"closed","ping_status":"closed","template":"","meta":{"_acf_changed":false,"footnotes":""},"class_list":["post-1017","page","type-page","status-publish","hentry"],"acf":[],"featured_image_src":null,"_links":{"self":[{"href":"https:\/\/www.aberconwy.conwy.sch.uk\/cy\/wp-json\/wp\/v2\/pages\/1017","targetHints":{"allow":["GET"]}}],"collection":[{"href":"https:\/\/www.aberconwy.conwy.sch.uk\/cy\/wp-json\/wp\/v2\/pages"}],"about":[{"href":"https:\/\/www.aberconwy.conwy.sch.uk\/cy\/wp-json\/wp\/v2\/types\/page"}],"author":[{"embeddable":true,"href":"https:\/\/www.aberconwy.conwy.sch.uk\/cy\/wp-json\/wp\/v2\/users\/4"}],"replies":[{"embeddable":true,"href":"https:\/\/www.aberconwy.conwy.sch.uk\/cy\/wp-json\/wp\/v2\/comments?post=1017"}],"version-history":[{"count":136,"href":"https:\/\/www.aberconwy.conwy.sch.uk\/cy\/wp-json\/wp\/v2\/pages\/1017\/revisions"}],"predecessor-version":[{"id":11349,"href":"https:\/\/www.aberconwy.conwy.sch.uk\/cy\/wp-json\/wp\/v2\/pages\/1017\/revisions\/11349"}],"wp:attachment":[{"href":"https:\/\/www.aberconwy.conwy.sch.uk\/cy\/wp-json\/wp\/v2\/media?parent=1017"}],"curies":[{"name":"wp","href":"https:\/\/api.w.org\/{rel}","templated":true}]}}